{"id":17630,"date":"2025-12-01T16:11:34","date_gmt":"2025-12-01T16:11:34","guid":{"rendered":"https:\/\/www.legrandlarge.com\/lieux\/camping-sainte-mere-l-eglise\/"},"modified":"2026-03-13T13:56:02","modified_gmt":"2026-03-13T13:56:02","slug":"camping-sainte-mere-l-eglise","status":"publish","type":"lieux","link":"https:\/\/www.legrandlarge.com\/nl\/lieux\/camping-sainte-mere-l-eglise\/","title":{"rendered":"Bezienswaardigheden in Sainte M\u00e8re \u00c9glise tijdens uw kampeervakantie in Normandi\u00eb"},"content":{"rendered":"\n<div class=\"wp-block-cover alignfull hero-content\" style=\"min-height:90vh;aspect-ratio:unset;\"><img alt=\"\" decoding=\"async\" width=\"600\" height=\"450\" class=\"wp-block-cover__image-background wp-image-973 size-full\" alt=\"\" src=\"https:\/\/www.legrandlarge.com\/wp-content\/uploads\/2025\/12\/camping-normandie-sainte-mere-eglise.jpg\" data-object-fit=\"cover\" srcset=\"https:\/\/www.legrandlarge.com\/wp-content\/uploads\/2025\/12\/camping-normandie-sainte-mere-eglise.jpg 600w, https:\/\/www.legrandlarge.com\/wp-content\/uploads\/2025\/12\/camping-normandie-sainte-mere-eglise-300x225.jpg 300w, https:\/\/www.legrandlarge.com\/wp-content\/uploads\/2025\/12\/camping-normandie-sainte-mere-eglise-320x240.jpg 320w, https:\/\/www.legrandlarge.com\/wp-content\/uploads\/2025\/12\/camping-normandie-sainte-mere-eglise-160x120.jpg 160w\" sizes=\"(max-width: 600px) 100vw, 600px\" \/><span aria-hidden=\"true\" class=\"wp-block-cover__background has-background-dim wp-block-cover__gradient-background has-background-gradient\" style=\"background:linear-gradient(135deg,rgba(0,0,0,0) 0%,rgb(0,0,0) 100%)\"><\/span><div class=\"wp-block-cover__inner-container has-global-padding is-layout-constrained wp-container-core-cover-is-layout-071fe3a8 wp-block-cover-is-layout-constrained\">\n<div class=\"wp-block-group is-z1 is-vertical is-content-justification-center is-layout-flex wp-container-core-group-is-layout-7b32d8e7 wp-block-group-is-layout-flex\"><h1 class=\"has-text-align-center wp-block-post-title has-xl-font-size has-secondary-font-family\">Bezienswaardigheden in Sainte M\u00e8re \u00c9glise tijdens uw kampeervakantie in Normandi\u00eb<\/h1><\/div>\n<\/div><\/div>\n\n<div class=\"wp-block-group alignfull is-style-bg-texture has-global-padding is-content-justification-left is-layout-constrained wp-container-core-group-is-layout-7ac10ba0 wp-block-group-is-layout-constrained\" style=\"padding-right:var(--wp--preset--spacing--s);padding-left:var(--wp--preset--spacing--s)\"><div style=\"padding-top:var(--wp--preset--spacing--xxs);padding-bottom:var(--wp--preset--spacing--xxs);\" class=\"wp-elements-b53f42f057c06f74b28afc57fcce3d1c wp-block-wpseopress-breadcrumbs has-xxs-font-size has-primary-font-family\"><nav  aria-label=\"breadcrumb\"><ol class=\"breadcrumb\" itemscope itemtype=\"https:\/\/schema.org\/BreadcrumbList\"><li class=\"breadcrumb-item active\" aria-current=\"page\" itemprop=\"itemListElement\" itemscope itemtype=\"https:\/\/schema.org\/ListItem\"><span itemprop=\"name\">Home<\/span><meta itemprop=\"position\" content=\"1\"><\/li><\/ol><\/nav><\/div><\/div>\n\n<div class=\"wp-block-group alignfull is-style-bg-faq has-global-padding is-layout-constrained wp-container-core-group-is-layout-72208401 wp-block-group-is-layout-constrained\" style=\"padding-top:var(--wp--preset--spacing--c-huge);padding-right:2rem;padding-bottom:var(--wp--preset--spacing--c-norm);padding-left:2rem\">\n<div class=\"wp-block-columns lg-image-text-simple is-layout-flex wp-container-core-columns-is-layout-1209f74c wp-block-columns-is-layout-flex\">\n<div class=\"wp-block-column is-vertically-aligned-bottom is-left is-layout-flow wp-block-column-is-layout-flow\" style=\"flex-basis:50%\">\n<div class=\"wp-block-group lgl-wide-content-center is-layout-flow wp-block-group-is-layout-flow\">\n<figure class=\"wp-block-image size-full is-resized\"><img alt=\"\" decoding=\"async\" src=\"https:\/\/www.legrandlarge.com\/wp-content\/themes\/horizon-marketing-child\/src\/img\/theme\/G_logo-blanc.png\" alt=\"\" class=\"wp-image-79\" style=\"object-fit:contain;width:60px;height:60px\"\/><\/figure>\n<\/div>\n\n\n\n<figure class=\"wp-block-image size-full\"><img alt=\"\" decoding=\"async\" width=\"1920\" height=\"1440\" src=\"https:\/\/www.legrandlarge.com\/wp-content\/uploads\/2025\/12\/AdobeStock_14220617.webp\" alt=\"\" class=\"wp-image-1055\" style=\"aspect-ratio:1;object-fit:cover\" srcset=\"https:\/\/www.legrandlarge.com\/wp-content\/uploads\/2025\/12\/AdobeStock_14220617.webp 1920w, https:\/\/www.legrandlarge.com\/wp-content\/uploads\/2025\/12\/AdobeStock_14220617-300x225.webp 300w, https:\/\/www.legrandlarge.com\/wp-content\/uploads\/2025\/12\/AdobeStock_14220617-1024x768.webp 1024w, https:\/\/www.legrandlarge.com\/wp-content\/uploads\/2025\/12\/AdobeStock_14220617-768x576.webp 768w, https:\/\/www.legrandlarge.com\/wp-content\/uploads\/2025\/12\/AdobeStock_14220617-1440x1080.webp 1440w, https:\/\/www.legrandlarge.com\/wp-content\/uploads\/2025\/12\/AdobeStock_14220617-720x540.webp 720w, https:\/\/www.legrandlarge.com\/wp-content\/uploads\/2025\/12\/AdobeStock_14220617-320x240.webp 320w, https:\/\/www.legrandlarge.com\/wp-content\/uploads\/2025\/12\/AdobeStock_14220617-160x120.webp 160w\" sizes=\"(max-width: 1920px) 100vw, 1920px\" \/><\/figure>\n<\/div>\n\n\n\n<div class=\"wp-block-column is-vertically-aligned-center is-right is-layout-flow wp-container-core-column-is-layout-6fa465bf wp-block-column-is-layout-flow\" style=\"flex-basis:50%\">\n<p class=\"is-style-hrz-p--title has-secondary-color has-text-color has-link-color wp-elements-35cefefaa0c067b81fde27d9011a74da\">Een emblematische plek<\/p>\n\n\n\n<h2 class=\"wp-block-heading is-style-hrz-title--sub\">Heel dicht bij de camping<\/h2>\n\n\n\n<p class=\"is-style-hrz-p--base\">Op slechts 50 km van de camping ligt Sainte M\u00e8re \u00c9glise, beroemd als de eerste stad in Frankrijk die op 6 juni 1944 werd bevrijd tijdens de Slag om Normandi\u00eb. Anderen zullen je vertellen dat het Bayeux is. Tegenwoordig is Sainte M\u00e8re \u00c9glise een belangrijke toeristische attractie in de baai van Cotentin, op slechts 40 minuten rijden van Grand Large ****, een Normandische camping aan zee!<\/p>\n<\/div>\n<\/div>\n<\/div>\n\n<div class=\"wp-block-group alignfull is-style-bg-w-boat has-global-padding is-layout-constrained wp-container-core-group-is-layout-72208401 wp-block-group-is-layout-constrained\" style=\"padding-top:var(--wp--preset--spacing--c-huge);padding-right:2rem;padding-bottom:var(--wp--preset--spacing--c-norm);padding-left:2rem\">\n<div class=\"wp-block-group is-layout-flow wp-block-group-is-layout-flow\">\n<div class=\"wp-block-group is-vertical is-layout-flex wp-container-core-group-is-layout-602ba0fb wp-block-group-is-layout-flex\">\n<h2 class=\"wp-block-heading is-style-hrz-title--main has-secondary-color has-text-color has-link-color wp-elements-6cd5f2b27d61f6535f1127071bddc8c5\">Bezoek vanaf de camping Sainte M\u00e8re \u00c9glise, een dorp in het hart van de Slag om Normandi\u00eb!<\/h2>\n\n\n\n<p class=\"is-style-hrz-p--base\">Het was rond 23.00 uur op 5 juni 1944 toen er een hevige brand uitbrak in een gebouw tegenover de dorpskerk. Grote aantallen Duitse soldaten stroomden binnen terwijl de brandweer de brand onder controle probeerde te krijgen. Ze wisten niet dat over een paar uur de grootste amfibische en luchtlandingsoperatie uit de geschiedenis zou plaatsvinden&#8230;<br\/>Het was in deze bijzondere situatie dat Amerikaanse parachutisten in de nacht van 5 op 6 juni 1944 boven Sainte M\u00e8re \u00c9glise werden gedropt met als doel een luchtlandingsbruggenhoofd te cre\u00ebren achter Utah Beach. De Duitsers, die al ter plaatse waren vanwege het vuur, schoten de hulpeloze parachutisten neer nog voor ze geland waren&#8230;   <\/p>\n<\/div>\n<\/div>\n<\/div>\n\n<div class=\"wp-block-group alignfull swiper lgl-slider-full is-layout-flow wp-block-group-is-layout-flow\">\n<div class=\"wp-block-group swiper-wrapper is-content-justification-center is-nowrap is-layout-flex wp-container-core-group-is-layout-bfbbbc10 wp-block-group-is-layout-flex\">\n<div class=\"wp-block-group swiper-slide is-vertical is-content-justification-center is-layout-flex wp-container-core-group-is-layout-8052ff66 wp-block-group-is-layout-flex\" style=\"margin-top:0;margin-bottom:0;padding-top:0;padding-right:0;padding-bottom:0;padding-left:0\">\n<figure class=\"wp-block-image size-full\"><img alt=\"\" decoding=\"async\" width=\"2560\" height=\"1173\" src=\"https:\/\/www.legrandlarge.com\/wp-content\/uploads\/2025\/12\/sainte-mere-scaled.jpeg\" alt=\"\" class=\"wp-image-18954\" style=\"aspect-ratio:1;object-fit:cover\" srcset=\"https:\/\/www.legrandlarge.com\/wp-content\/uploads\/2025\/12\/sainte-mere-scaled.jpeg 2560w, https:\/\/www.legrandlarge.com\/wp-content\/uploads\/2025\/12\/sainte-mere-300x137.jpeg 300w, https:\/\/www.legrandlarge.com\/wp-content\/uploads\/2025\/12\/sainte-mere-1024x469.jpeg 1024w, https:\/\/www.legrandlarge.com\/wp-content\/uploads\/2025\/12\/sainte-mere-768x352.jpeg 768w\" sizes=\"(max-width: 2560px) 100vw, 2560px\" \/><\/figure>\n<\/div>\n\n\n\n<div class=\"wp-block-group swiper-slide is-vertical is-content-justification-center is-layout-flex wp-container-core-group-is-layout-8052ff66 wp-block-group-is-layout-flex\" style=\"margin-top:0;margin-bottom:0;padding-top:0;padding-right:0;padding-bottom:0;padding-left:0\">\n<figure class=\"wp-block-image size-full\"><img alt=\"\" decoding=\"async\" width=\"650\" height=\"433\" src=\"https:\/\/www.legrandlarge.com\/wp-content\/uploads\/2025\/12\/musee-sainte-mere.jpg\" alt=\"\" class=\"wp-image-18955\" style=\"aspect-ratio:1;object-fit:cover\" srcset=\"https:\/\/www.legrandlarge.com\/wp-content\/uploads\/2025\/12\/musee-sainte-mere.jpg 650w, https:\/\/www.legrandlarge.com\/wp-content\/uploads\/2025\/12\/musee-sainte-mere-300x200.jpg 300w, https:\/\/www.legrandlarge.com\/wp-content\/uploads\/2025\/12\/musee-sainte-mere-480x320.jpg 480w, https:\/\/www.legrandlarge.com\/wp-content\/uploads\/2025\/12\/musee-sainte-mere-240x160.jpg 240w, https:\/\/www.legrandlarge.com\/wp-content\/uploads\/2025\/12\/musee-sainte-mere-120x80.jpg 120w\" sizes=\"(max-width: 650px) 100vw, 650px\" \/><\/figure>\n<\/div>\n\n\n\n<div class=\"wp-block-group swiper-slide is-vertical is-content-justification-center is-layout-flex wp-container-core-group-is-layout-8052ff66 wp-block-group-is-layout-flex\" style=\"margin-top:0;margin-bottom:0;padding-top:0;padding-right:0;padding-bottom:0;padding-left:0\">\n<figure class=\"wp-block-image size-full\"><img alt=\"\" decoding=\"async\" width=\"600\" height=\"450\" src=\"https:\/\/www.legrandlarge.com\/wp-content\/uploads\/2025\/12\/camping-normandie-sainte-mere-eglise.jpg\" alt=\"\" class=\"wp-image-973\" style=\"aspect-ratio:1;object-fit:cover\" srcset=\"https:\/\/www.legrandlarge.com\/wp-content\/uploads\/2025\/12\/camping-normandie-sainte-mere-eglise.jpg 600w, https:\/\/www.legrandlarge.com\/wp-content\/uploads\/2025\/12\/camping-normandie-sainte-mere-eglise-300x225.jpg 300w, https:\/\/www.legrandlarge.com\/wp-content\/uploads\/2025\/12\/camping-normandie-sainte-mere-eglise-320x240.jpg 320w, https:\/\/www.legrandlarge.com\/wp-content\/uploads\/2025\/12\/camping-normandie-sainte-mere-eglise-160x120.jpg 160w\" sizes=\"(max-width: 600px) 100vw, 600px\" \/><\/figure>\n<\/div>\n<\/div>\n<\/div>\n\n<div class=\"wp-block-group alignfull is-style-bg-texture has-global-padding is-layout-constrained wp-container-core-group-is-layout-72208401 wp-block-group-is-layout-constrained\" style=\"padding-top:var(--wp--preset--spacing--c-huge);padding-right:2rem;padding-bottom:var(--wp--preset--spacing--c-norm);padding-left:2rem\">\n<div class=\"wp-block-group is-layout-flow wp-block-group-is-layout-flow\">\n<div class=\"wp-block-group is-vertical is-layout-flex wp-container-core-group-is-layout-602ba0fb wp-block-group-is-layout-flex\">\n<h2 class=\"wp-block-heading is-style-hrz-title--main has-secondary-color has-text-color has-link-color wp-elements-2ef01fe71395be62fdfd5dc0b6eb5227\">Het verhaal van John Steele, de hangende parachutist van Sainte M\u00e8re \u00c9glise<\/h2>\n\n\n\n<p class=\"is-style-hrz-p--base\">E\u00e9n van de soldaten die boven Sainte M\u00e8re Eglise parachuteerde, John Steele, raakte gewond aan zijn voet door een kogel, maar bleef zich twee uur lang vastklampen aan de kerktoren. Op de grond woedden de gevechten en keerden ze zich tegen de geallieerden. Aan het einde van de vijandelijkheden zag een Duitse soldaat de parachutist. De GI werd behandeld en vervolgens gevangen genomen. Hij wist 3 dagen later te ontsnappen en werd ge\u00ebvacueerd naar een ziekenhuis in Engeland. Vandaag de dag troont een etalagepop van John Steele met zijn parachute op de kerktoren van Sainte M\u00e8re \u00c9glise.<\/p>\n<\/div>\n<\/div>\n\n\n\n<figure class=\"wp-block-image size-large\"><img alt=\"\" decoding=\"async\" width=\"1024\" height=\"493\" src=\"https:\/\/www.legrandlarge.com\/wp-content\/uploads\/2025\/12\/eglise-1024x493.webp\" alt=\"\" class=\"wp-image-18958\" srcset=\"https:\/\/www.legrandlarge.com\/wp-content\/uploads\/2025\/12\/eglise-1024x493.webp 1024w, https:\/\/www.legrandlarge.com\/wp-content\/uploads\/2025\/12\/eglise-300x145.webp 300w, https:\/\/www.legrandlarge.com\/wp-content\/uploads\/2025\/12\/eglise-768x370.webp 768w, https:\/\/www.legrandlarge.com\/wp-content\/uploads\/2025\/12\/eglise.webp 1200w\" sizes=\"(max-width: 1024px) 100vw, 1024px\" \/><\/figure>\n<\/div>\n\n<div class=\"wp-block-group alignfull is-style-bg-faq has-global-padding is-layout-constrained wp-container-core-group-is-layout-72208401 wp-block-group-is-layout-constrained\" style=\"padding-top:var(--wp--preset--spacing--c-huge);padding-right:2rem;padding-bottom:var(--wp--preset--spacing--c-norm);padding-left:2rem\">\n<div class=\"wp-block-group is-layout-flow wp-block-group-is-layout-flow\">\n<div class=\"wp-block-group is-vertical is-layout-flex wp-container-core-group-is-layout-602ba0fb wp-block-group-is-layout-flex\">\n<h2 class=\"wp-block-heading is-style-hrz-title--main has-secondary-color has-text-color has-link-color wp-elements-56c0c796668c8e1f2b351e1021f27785\">Het Airborne Museum: het epische verhaal van de Amerikaanse parachutisten van DAG<\/h2>\n\n\n\n<p class=\"is-style-hrz-p--base\">Profiteer tijdens uw verblijf op een camping in Normandi\u00eb van uw tussenstop in Saint M\u00e8re Eglise om het Airborne Museum te bezoeken, gewijd aan de Amerikaanse parachutisten van de 82ste en 101ste Airborne Divisies die in de nacht van 6 juni 1944 op Normandische bodem landden. Het Airborne Museum, dat direct aan de landingsstranden van Normandi\u00eb ligt, is de op twee na meest bezochte site in La Manche en een must voor uw kampeervakantie op de route van de Slag om Normandi\u00eb! Het Airborne Museum nodigt je uit om de landing in Normandi\u00eb te beleven aan de hand van een spectaculaire en realistische museografie. Kampeerders zullen het voorrecht hebben om enkele opmerkelijke collecties te ontdekken: meer dan 10.000 items, waaronder het enige exemplaar in Frankrijk van een WACO zweefvliegtuig, een authentiek Dakota C-47 vliegtuig dat deelnam aan de droppingoperaties, een Sherman M4 A4 75 tank, maar ook levensechte reconstructies met mannequins in uniform, archiefbeelden, films en getuigenissen van Amerikaanse veteranen&#8230;<\/p>\n<\/div>\n<\/div>\n\n\n\n<figure class=\"wp-block-image size-full\"><img alt=\"\" decoding=\"async\" width=\"1024\" height=\"730\" src=\"https:\/\/www.legrandlarge.com\/wp-content\/uploads\/2025\/12\/musee_airborne-1024x730-1.jpg\" alt=\"\" class=\"wp-image-18959\" srcset=\"https:\/\/www.legrandlarge.com\/wp-content\/uploads\/2025\/12\/musee_airborne-1024x730-1.jpg 1024w, https:\/\/www.legrandlarge.com\/wp-content\/uploads\/2025\/12\/musee_airborne-1024x730-1-300x214.jpg 300w, https:\/\/www.legrandlarge.com\/wp-content\/uploads\/2025\/12\/musee_airborne-1024x730-1-768x548.jpg 768w\" sizes=\"(max-width: 1024px) 100vw, 1024px\" \/><\/figure>\n<\/div>\n\n<div class=\"wp-block-group alignfull is-style-bg-texture has-global-padding is-layout-constrained wp-container-core-group-is-layout-72208401 wp-block-group-is-layout-constrained\" style=\"padding-top:var(--wp--preset--spacing--c-huge);padding-right:2rem;padding-bottom:var(--wp--preset--spacing--c-norm);padding-left:2rem\">\n<div class=\"wp-block-group is-layout-flow wp-block-group-is-layout-flow\">\n<div class=\"wp-block-group is-vertical is-layout-flex wp-container-core-group-is-layout-602ba0fb wp-block-group-is-layout-flex\">\n<h2 class=\"wp-block-heading is-style-hrz-title--main has-secondary-color has-text-color has-link-color wp-elements-655c0f1b1645c4fc25c509b65e26706f\">&#8220;De Internationale Vredesmars vanaf Sainte M\u00e8re \u00c9glise om te kamperen en te wandelen in Normandi\u00eb<\/h2>\n\n\n\n<p class=\"is-style-hrz-p--base\">Elk jaar in mei organiseert de parochie Notre-Dame-de-la-Paix in Sainte M\u00e8re \u00c9glise een &#8220;internationale mars voor de vrede&#8221; om het begin van de herdenkingsweek van de landingen op 6 juni 1944 te vieren. Meer dan 800 wandelaars uit de Verenigde Staten, Groot-Brittanni\u00eb, Australi\u00eb, Duitsland, Belgi\u00eb en Nederland namen deel aan deze wandeling door de Normandische bocage, een landschap vol geschiedenis. Het is een datum die kampeerders die van wandelen houden niet willen vergeten in hun agenda te zetten voor hun kampeervakantie in Normandi\u00eb!<\/p>\n<\/div>\n<\/div>\n\n\n\n<figure class=\"wp-block-image size-full\"><img alt=\"\" decoding=\"async\" width=\"830\" height=\"400\" src=\"https:\/\/www.legrandlarge.com\/wp-content\/uploads\/2025\/12\/paix.webp\" alt=\"\" class=\"wp-image-18960\" srcset=\"https:\/\/www.legrandlarge.com\/wp-content\/uploads\/2025\/12\/paix.webp 830w, https:\/\/www.legrandlarge.com\/wp-content\/uploads\/2025\/12\/paix-300x145.webp 300w, https:\/\/www.legrandlarge.com\/wp-content\/uploads\/2025\/12\/paix-768x370.webp 768w\" sizes=\"(max-width: 830px) 100vw, 830px\" \/><\/figure>\n<\/div>\n\n<div class=\"wp-block-group alignfull is-style-bg-texture has-global-padding is-layout-constrained wp-container-core-group-is-layout-72208401 wp-block-group-is-layout-constrained\" style=\"padding-top:var(--wp--preset--spacing--c-huge);padding-right:2rem;padding-bottom:var(--wp--preset--spacing--c-norm);padding-left:2rem\">\n<div class=\"wp-block-group is-layout-flow wp-block-group-is-layout-flow\">\n<div class=\"wp-block-group is-vertical is-layout-flex wp-container-core-group-is-layout-602ba0fb wp-block-group-is-layout-flex\">\n<h2 class=\"wp-block-heading is-style-hrz-title--main has-secondary-color has-text-color has-link-color wp-elements-4738ca5c8894a01235bdacb720e5865e\">Een must: de 6 juni herdenkingen in Sainte M\u00e8re \u00c9glise<\/h2>\n\n\n\n<p class=\"is-style-hrz-p--base\">Elk jaar zet Sainte M\u00e8re \u00c9glise zichzelf op Amerikaanse tijd en organiseert de herdenkingen van 6 juni, die bestaan uit een aantal evenementen: parachutesprongen, tentoonstellingen van militaire voertuigen, concerten door Amerikaanse brassbands en een vrijheidsbanket dat wordt bijgewoond door veteranen en parachutisten. Dit is een origineel idee voor een dagje uit om uw kampeervakantie in Normandi\u00eb een boost te geven!<\/p>\n<\/div>\n<\/div>\n\n\n\n<figure class=\"wp-block-image size-large\"><img alt=\"\" decoding=\"async\" width=\"1024\" height=\"580\" src=\"https:\/\/www.legrandlarge.com\/wp-content\/uploads\/2025\/12\/1200x680_sc_img-5616-1024x580.jpg\" alt=\"\" class=\"wp-image-18961\" srcset=\"https:\/\/www.legrandlarge.com\/wp-content\/uploads\/2025\/12\/1200x680_sc_img-5616-1024x580.jpg 1024w, https:\/\/www.legrandlarge.com\/wp-content\/uploads\/2025\/12\/1200x680_sc_img-5616-300x170.jpg 300w, https:\/\/www.legrandlarge.com\/wp-content\/uploads\/2025\/12\/1200x680_sc_img-5616-768x435.jpg 768w, https:\/\/www.legrandlarge.com\/wp-content\/uploads\/2025\/12\/1200x680_sc_img-5616-200x112.jpg 200w, https:\/\/www.legrandlarge.com\/wp-content\/uploads\/2025\/12\/1200x680_sc_img-5616-100x56.jpg 100w, https:\/\/www.legrandlarge.com\/wp-content\/uploads\/2025\/12\/1200x680_sc_img-5616.jpg 1200w\" sizes=\"(max-width: 1024px) 100vw, 1024px\" \/><\/figure>\n<\/div>\n\n<div class=\"wp-block-group alignfull is-style-bg-texture has-global-padding is-layout-constrained wp-container-core-group-is-layout-72208401 wp-block-group-is-layout-constrained\" style=\"padding-top:var(--wp--preset--spacing--c-huge);padding-right:2rem;padding-bottom:var(--wp--preset--spacing--c-norm);padding-left:2rem\">\n<div class=\"wp-block-group is-layout-flow wp-block-group-is-layout-flow\">\n<div class=\"wp-block-group is-vertical is-layout-flex wp-container-core-group-is-layout-602ba0fb wp-block-group-is-layout-flex\">\n<h2 class=\"wp-block-heading is-style-hrz-title--main has-secondary-color has-text-color has-link-color wp-elements-29834d5ba4f1f61b5172bae9a3eae798\">Vakantie voor fijnproevers in Normandi\u00eb: de ambachtelijke markt in Sainte M\u00e8re \u00c9glise<\/h2>\n\n\n\n<p class=\"is-style-hrz-p--base\">Slenter elke dinsdagmiddag in juli langs de gangpaden van deze pittoreske markt op het kerkplein van Ste M\u00e8re Eglise. Kampeerders kunnen kennismaken met Normandische producten en specialiteiten, maar ook met de creaties van lokale ambachtslieden die u graag hun vaardigheden laten zien. Ideaal om mee te nemen van je vakantie in Normandi\u00eb zijn de lekkere Biscuits de Sainte-M\u00e8re-Eglise, zandkoekjes in de vorm van een parachute, of Petits-Paras, zachte cakejes met amandelsmaak!<\/p>\n<\/div>\n<\/div>\n\n\n\n<figure class=\"wp-block-image size-large\"><img alt=\"\" decoding=\"async\" width=\"1024\" height=\"765\" src=\"https:\/\/www.legrandlarge.com\/wp-content\/uploads\/2025\/12\/marche-sme-1-1280x956-1-1024x765.webp\" alt=\"\" class=\"wp-image-18962\" srcset=\"https:\/\/www.legrandlarge.com\/wp-content\/uploads\/2025\/12\/marche-sme-1-1280x956-1-1024x765.webp 1024w, https:\/\/www.legrandlarge.com\/wp-content\/uploads\/2025\/12\/marche-sme-1-1280x956-1-300x224.webp 300w, https:\/\/www.legrandlarge.com\/wp-content\/uploads\/2025\/12\/marche-sme-1-1280x956-1-768x574.webp 768w, https:\/\/www.legrandlarge.com\/wp-content\/uploads\/2025\/12\/marche-sme-1-1280x956-1-430x320.webp 430w, https:\/\/www.legrandlarge.com\/wp-content\/uploads\/2025\/12\/marche-sme-1-1280x956-1-320x240.webp 320w, https:\/\/www.legrandlarge.com\/wp-content\/uploads\/2025\/12\/marche-sme-1-1280x956-1-160x120.webp 160w, https:\/\/www.legrandlarge.com\/wp-content\/uploads\/2025\/12\/marche-sme-1-1280x956-1.webp 1280w\" sizes=\"(max-width: 1024px) 100vw, 1024px\" \/><\/figure>\n<\/div>\n\n<div class=\"wp-block-group alignfull is-style-bg-w-boat has-global-padding is-layout-constrained wp-container-core-group-is-layout-72208401 wp-block-group-is-layout-constrained\" style=\"padding-top:var(--wp--preset--spacing--c-huge);padding-right:2rem;padding-bottom:var(--wp--preset--spacing--c-norm);padding-left:2rem\">\n<div class=\"wp-block-group is-layout-flow wp-block-group-is-layout-flow\">\n<div class=\"wp-block-group is-vertical is-layout-flex wp-container-core-group-is-layout-602ba0fb wp-block-group-is-layout-flex\">\n<h2 class=\"wp-block-heading is-style-hrz-title--main has-secondary-color has-text-color has-link-color wp-elements-2523a851db132f0d3e8392b48a46c722\">Uw kampeeraccommodatie in Normandi\u00eb, vertrekpunt voor uw bezoek aan Sainte M\u00e8re Eglise!<\/h2>\n\n\n\n<p class=\"is-style-hrz-p--base\">Als je Normandi\u00eb in alle vrijheid wilt ontdekken, en meer specifiek Saint M\u00e8re Eglise en de baai van Cotentin, ontdek dan onze stacaravans en kampeerplaatsen in Normandi\u00eb met directe toegang tot het strand! Geniet in het hoogseizoen van een duik in het verwarmde binnenzwembad, maak gebruik van de vele diensten, animaties en vrijetijdsactiviteiten die worden aangeboden op een 4-sterrencamping waar je heerlijk kunt ontspannen!<\/p>\n<\/div>\n<\/div>\n<\/div>\n","protected":false},"excerpt":{"rendered":"<p>Op slechts 50 km van de camping ligt Sainte M\u00e8re \u00c9glise, beroemd als de eerste stad in Frankrijk die op 6 juni 1944 werd bevrijd tijdens de Slag om Normandi\u00eb.<\/p>\n","protected":false},"author":1,"featured_media":17633,"parent":0,"template":"","format":"standard","tax-category-lieux":[34],"class_list":["post-17630","lieux","type-lieux","status-publish","format-standard","has-post-thumbnail","hentry"],"acf":{"latitude":"","longitude":"","distance":47,"pm_lieu_url":"","pm_lieu_phone":"","adresse":"","pm_lieu_title_short":"Heilige Moeder Kerk"},"_links":{"self":[{"href":"https:\/\/www.legrandlarge.com\/nl\/wp-json\/wp\/v2\/lieux\/17630","targetHints":{"allow":["GET"]}}],"collection":[{"href":"https:\/\/www.legrandlarge.com\/nl\/wp-json\/wp\/v2\/lieux"}],"about":[{"href":"https:\/\/www.legrandlarge.com\/nl\/wp-json\/wp\/v2\/types\/lieux"}],"author":[{"embeddable":true,"href":"https:\/\/www.legrandlarge.com\/nl\/wp-json\/wp\/v2\/users\/1"}],"version-history":[{"count":2,"href":"https:\/\/www.legrandlarge.com\/nl\/wp-json\/wp\/v2\/lieux\/17630\/revisions"}],"predecessor-version":[{"id":19043,"href":"https:\/\/www.legrandlarge.com\/nl\/wp-json\/wp\/v2\/lieux\/17630\/revisions\/19043"}],"wp:featuredmedia":[{"embeddable":true,"href":"https:\/\/www.legrandlarge.com\/nl\/wp-json\/wp\/v2\/media\/17633"}],"wp:attachment":[{"href":"https:\/\/www.legrandlarge.com\/nl\/wp-json\/wp\/v2\/media?parent=17630"}],"wp:term":[{"taxonomy":"tax-category-lieux","embeddable":true,"href":"https:\/\/www.legrandlarge.com\/nl\/wp-json\/wp\/v2\/tax-category-lieux?post=17630"}],"curies":[{"name":"wp","href":"https:\/\/api.w.org\/{rel}","templated":true}]}}