{"id":18146,"date":"2025-12-01T14:26:30","date_gmt":"2025-12-01T14:26:30","guid":{"rendered":"https:\/\/www.legrandlarge.com\/faq-camping-normandie\/"},"modified":"2026-01-13T10:00:26","modified_gmt":"2026-01-13T10:00:26","slug":"faq-camping-normandie","status":"publish","type":"page","link":"https:\/\/www.legrandlarge.com\/de\/faq-camping-normandie\/","title":{"rendered":"H\u00e4ufig gestellte Fragen zu unserem Campingplatz in der Normandie"},"content":{"rendered":"\n<div class=\"wp-block-cover alignfull hero-content\" style=\"min-height:90vh;aspect-ratio:unset;\"><img alt=\"\" decoding=\"async\" width=\"1024\" height=\"683\" class=\"wp-block-cover__image-background wp-image-763 size-large\" alt=\"\" src=\"https:\/\/www.legrandlarge.com\/wp-content\/uploads\/2025\/12\/GRAND-LARGE-2025-ESE-132-1024x683.webp\" data-object-fit=\"cover\" srcset=\"https:\/\/www.legrandlarge.com\/wp-content\/uploads\/2025\/12\/GRAND-LARGE-2025-ESE-132-1024x683.webp 1024w, https:\/\/www.legrandlarge.com\/wp-content\/uploads\/2025\/12\/GRAND-LARGE-2025-ESE-132-300x200.webp 300w, https:\/\/www.legrandlarge.com\/wp-content\/uploads\/2025\/12\/GRAND-LARGE-2025-ESE-132-768x512.webp 768w, https:\/\/www.legrandlarge.com\/wp-content\/uploads\/2025\/12\/GRAND-LARGE-2025-ESE-132-1440x960.webp 1440w, https:\/\/www.legrandlarge.com\/wp-content\/uploads\/2025\/12\/GRAND-LARGE-2025-ESE-132-1080x720.webp 1080w, https:\/\/www.legrandlarge.com\/wp-content\/uploads\/2025\/12\/GRAND-LARGE-2025-ESE-132-720x480.webp 720w, https:\/\/www.legrandlarge.com\/wp-content\/uploads\/2025\/12\/GRAND-LARGE-2025-ESE-132-480x320.webp 480w, https:\/\/www.legrandlarge.com\/wp-content\/uploads\/2025\/12\/GRAND-LARGE-2025-ESE-132-240x160.webp 240w, https:\/\/www.legrandlarge.com\/wp-content\/uploads\/2025\/12\/GRAND-LARGE-2025-ESE-132-120x80.webp 120w, https:\/\/www.legrandlarge.com\/wp-content\/uploads\/2025\/12\/GRAND-LARGE-2025-ESE-132.webp 1920w\" sizes=\"(max-width: 1024px) 100vw, 1024px\" \/><span aria-hidden=\"true\" class=\"wp-block-cover__background has-background-dim wp-block-cover__gradient-background has-background-gradient\" style=\"background:linear-gradient(135deg,rgba(0,0,0,0) 0%,rgb(0,0,0) 100%)\"><\/span><div class=\"wp-block-cover__inner-container has-global-padding is-layout-constrained wp-container-core-cover-is-layout-071fe3a8 wp-block-cover-is-layout-constrained\">\n<div class=\"wp-block-group is-z1 is-vertical is-content-justification-center is-layout-flex wp-container-core-group-is-layout-7b32d8e7 wp-block-group-is-layout-flex\"><h1 class=\"has-text-align-center wp-block-post-title has-xl-font-size has-secondary-font-family\">H\u00e4ufig gestellte Fragen zu unserem Campingplatz in der Normandie<\/h1><\/div>\n<\/div><\/div>\n\n\n\n<div class=\"wp-block-group alignfull lgl-icon-slider has-vert-background-color has-background has-global-padding is-layout-constrained wp-container-core-group-is-layout-4d5d9ca1 wp-block-group-is-layout-constrained\" style=\"padding-top:var(--wp--preset--spacing--s);padding-bottom:var(--wp--preset--spacing--s)\">\n<div class=\"wp-block-group lgl-icon-slider-wrapper is-content-justification-center is-nowrap is-layout-flex wp-container-core-group-is-layout-d900bf9d wp-block-group-is-layout-flex\">\n<div class=\"wp-block-group item is-vertical is-content-justification-center is-layout-flex wp-container-core-group-is-layout-70980796 wp-block-group-is-layout-flex\">\n<figure class=\"wp-block-image size-full is-resized wp-duotone-bg-vert\"><img alt=\"\" decoding=\"async\" src=\"https:\/\/www.legrandlarge.com\/wp-content\/themes\/horizon-marketing-child\/src\/img\/pictos\/plage.svg\" alt=\"\" class=\"wp-image-53\" style=\"object-fit:contain;width:40px;height:40px\"\/><\/figure>\n\n\n\n<p class=\"has-text-align-center has-vert-f-color has-text-color has-link-color has-xs-font-size wp-elements-a93b10c2422c63e0e7fe204a9fdec419\" style=\"font-style:normal;font-weight:500;text-transform:uppercase\"><strong>Direkter Zugang zu\n Strand<\/strong><\/p>\n<\/div>\n\n\n\n<div class=\"wp-block-group item is-vertical is-content-justification-center is-layout-flex wp-container-core-group-is-layout-70980796 wp-block-group-is-layout-flex\">\n<figure class=\"wp-block-image size-full is-resized wp-duotone-bg-vert\"><img alt=\"\" decoding=\"async\" src=\"https:\/\/www.legrandlarge.com\/wp-content\/themes\/horizon-marketing-child\/src\/img\/pictos\/localisation.svg\" alt=\"\" class=\"wp-image-58\" style=\"object-fit:contain;width:40px;height:40px\"\/><\/figure>\n\n\n\n<p class=\"has-text-align-center has-vert-f-color has-text-color has-link-color has-xs-font-size wp-elements-c9211a87de7c716ed4f373878ab618ce\" style=\"font-style:normal;font-weight:500;text-transform:uppercase\"><strong>Nat\u00fcrlicher Rahmen<\/strong><\/p>\n<\/div>\n\n\n\n<div class=\"wp-block-group item is-vertical is-content-justification-center is-layout-flex wp-container-core-group-is-layout-70980796 wp-block-group-is-layout-flex\">\n<figure class=\"wp-block-image size-full is-resized wp-duotone-bg-vert\"><img alt=\"\" decoding=\"async\" src=\"https:\/\/www.legrandlarge.com\/wp-content\/themes\/horizon-marketing-child\/src\/img\/pictos\/presta.svg\" alt=\"\" class=\"wp-image-59\" style=\"object-fit:contain;width:40px;height:40px\"\/><\/figure>\n\n\n\n<p class=\"has-text-align-center has-vert-f-color has-text-color has-link-color has-xs-font-size wp-elements-fdbd842b55c4f952cb87bfb3f2c0aab8\" style=\"font-style:normal;font-weight:500;text-transform:uppercase\"><strong>Leistungen 5\n Sterne<\/strong><\/p>\n<\/div>\n\n\n\n<div class=\"wp-block-group item is-vertical is-content-justification-center is-layout-flex wp-container-core-group-is-layout-70980796 wp-block-group-is-layout-flex\">\n<figure class=\"wp-block-image size-full is-resized wp-duotone-bg-vert\"><img alt=\"\" decoding=\"async\" src=\"https:\/\/www.legrandlarge.com\/wp-content\/themes\/horizon-marketing-child\/src\/img\/pictos\/superficie.svg\" alt=\"\" class=\"wp-image-60\" style=\"object-fit:contain;width:40px;height:40px\"\/><\/figure>\n\n\n\n<p class=\"has-text-align-center has-vert-f-color has-text-color has-link-color has-xs-font-size wp-elements-7d9aaeba99ac3895f4ffb24aa17c157f\" style=\"font-style:normal;font-weight:500;text-transform:uppercase\"><strong>Unterk\u00fcnfte\n ger\u00e4umig<\/strong><\/p>\n<\/div>\n\n\n\n<div class=\"wp-block-group item is-vertical is-content-justification-center is-layout-flex wp-container-core-group-is-layout-70980796 wp-block-group-is-layout-flex\">\n<figure class=\"wp-block-image size-full is-resized wp-duotone-bg-vert\"><img alt=\"\" decoding=\"async\" src=\"https:\/\/www.legrandlarge.com\/wp-content\/themes\/horizon-marketing-child\/src\/img\/pictos\/divertissement.svg\" alt=\"\" class=\"wp-image-61\" style=\"object-fit:contain;width:40px;height:40px\"\/><\/figure>\n\n\n\n<p class=\"has-text-align-center has-vert-f-color has-text-color has-link-color has-xs-font-size wp-elements-4fb03c83ccc361f2304d59d86e01ea15\" style=\"font-style:normal;font-weight:500;text-transform:uppercase\"><strong>Vielf\u00e4ltige Aktivit\u00e4ten<\/strong>\n            <\/p>\n<\/div>\n<\/div>\n<\/div>\n\n\n\n<div class=\"wp-block-group alignfull is-style-bg-texture has-global-padding is-content-justification-left is-layout-constrained wp-container-core-group-is-layout-7ac10ba0 wp-block-group-is-layout-constrained\" style=\"padding-right:var(--wp--preset--spacing--s);padding-left:var(--wp--preset--spacing--s)\"><div style=\"padding-top:var(--wp--preset--spacing--xxs);padding-bottom:var(--wp--preset--spacing--xxs);\" class=\"wp-elements-b53f42f057c06f74b28afc57fcce3d1c wp-block-wpseopress-breadcrumbs has-xxs-font-size has-primary-font-family\"><nav  aria-label=\"breadcrumb\"><ol class=\"breadcrumb\" itemscope itemtype=\"https:\/\/schema.org\/BreadcrumbList\"><li class=\"breadcrumb-item active\" aria-current=\"page\" itemprop=\"itemListElement\" itemscope itemtype=\"https:\/\/schema.org\/ListItem\"><span itemprop=\"name\">Home<\/span><meta itemprop=\"position\" content=\"1\"><\/li><\/ol><\/nav><\/div><\/div>\n\n\n\n<div class=\"wp-block-group alignfull lgl-faq is-style-bg-faq has-ternary-background-color has-background has-global-padding is-content-justification-center is-layout-constrained wp-container-core-group-is-layout-379abcc8 wp-block-group-is-layout-constrained\" style=\"padding-top:var(--wp--preset--spacing--c-huge);padding-right:2rem;padding-bottom:var(--wp--preset--spacing--c-huge);padding-left:2rem\">\n<div class=\"wp-block-group is-vertical is-content-justification-center is-layout-flex wp-container-core-group-is-layout-f27b698c wp-block-group-is-layout-flex\" style=\"padding-right:10vw\">\n<p class=\"has-text-align-center is-style-hrz-p--title has-secondary-color has-text-color has-link-color wp-elements-80676efacbb501b5761ca85bdd106ef4\">Ihre Fragen im Laufe der Zeit<\/p>\n\n\n\n<h2 class=\"wp-block-heading has-text-align-center is-style-hrz-title--sub\">H\u00e4ufig gestellte Fragen \u00fcber den Campingplatz Le Grand Large<\/h2>\n<\/div>\n\n\n\n<div class=\"pfq\">\n  \n  \n  <nav class=\"pfq__themes\">\n    <h2>Th\u00e9matiques<\/h2>\n    <ul>\n      \n        <li class=\"pfq__theme active\" data-pfq-group=\"group-0\">\n          <a href=\"#\">Buchung und Bezahlung<\/a>\n        <\/li>\n\n      \n        <li class=\"pfq__theme \" data-pfq-group=\"group-1\">\n          <a href=\"#\">Praktische Informationen<\/a>\n        <\/li>\n\n      \n        <li class=\"pfq__theme \" data-pfq-group=\"group-2\">\n          <a href=\"#\">Der Alltag auf dem Campingplatz<\/a>\n        <\/li>\n\n      \n        <li class=\"pfq__theme \" data-pfq-group=\"group-3\">\n          <a href=\"#\">Spiele, Aktivit\u00e4ten und Animationen<\/a>\n        <\/li>\n\n      \n        <li class=\"pfq__theme \" data-pfq-group=\"group-4\">\n          <a href=\"#\">Die Gesch\u00e4fte<\/a>\n        <\/li>\n\n      \n        <li class=\"pfq__theme \" data-pfq-group=\"group-5\">\n          <a href=\"#\">Unsere 2 und 3 Schlafzimmer Vermietungen<\/a>\n        <\/li>\n\n      \n        <li class=\"pfq__theme \" data-pfq-group=\"group-6\">\n          <a href=\"#\">Campingpl\u00e4tze<\/a>\n        <\/li>\n\n      \n        <li class=\"pfq__theme \" data-pfq-group=\"group-7\">\n          <a href=\"#\">Das \u00c4u\u00dfere des Campingplatzes<\/a>\n        <\/li>\n\n          <\/ul>\n  <\/nav>\n\n  <div class=\"pfq__questions\">\n    \n      <div class=\"pfq__questions__group visible\" data-pfq-group=\"group-0\">\n\n        <h3>Buchung und Bezahlung<\/h3>\n\n        \n          <div class=\"pfq__question\"  >\n            <h4 class=\"pfq__question__title\">2026: Was sind die Daten der Er\u00f6ffnung, der Hoch- und Nebensaison?<\/h4>\n            <div class=\"pfq__answer\"><p>Der Campingplatz ist vom 18. April bis zum 20. September 2026 ge\u00f6ffnet.<br \/>\nNebensaison: vom 18. April bis zum 03. Juli + vom 28. August bis zum 20. September von 9.00 bis 12.30 Uhr und von 14.00 bis 19.30 Uhr<br \/>\nHochsaison: vom 04. Juli bis zum 29. August von 9.00 bis 20.00 Uhr.<br \/>\nAuch wenn der Campingplatz im Winter geschlossen ist, ist von Montag bis Freitag ein Mitarbeiter f\u00fcr alle Fragen erreichbar.<\/p>\n<\/div>\n          <\/div>\n\n        \n          <div class=\"pfq__question\"  >\n            <h4 class=\"pfq__question__title\">Wie buche ich meinen Aufenthalt?<\/h4>\n            <div class=\"pfq__answer\"><p>Sie k\u00f6nnen sich \u00fcber die Verf\u00fcgbarkeit informieren und buchen:<br \/>\n&#8211; Direkt auf dieser Website<\/p>\n<\/div>\n          <\/div>\n\n        \n          <div class=\"pfq__question\"  >\n            <h4 class=\"pfq__question__title\">Welche Zahlungsmethoden werden akzeptiert?<\/h4>\n            <div class=\"pfq__answer\"><p>Sie k\u00f6nnen per Bank\u00fcberweisung, Scheck (ausgestellt auf Camping Le Grand Large), Kreditkarte (sicher auf der Website), ANCV-Ferienschecks oder Connect-Ferienschecks bezahlen.<br \/>\nDer Campingplatz ist nicht von VACAF anerkannt.<\/p>\n<\/div>\n          <\/div>\n\n        \n          <div class=\"pfq__question\"  >\n            <h4 class=\"pfq__question__title\">Gibt es eine Buchungsgeb\u00fchr?<\/h4>\n            <div class=\"pfq__answer\"><p>Wir erheben keine Reservierungsgeb\u00fchren.<\/p>\n<\/div>\n          <\/div>\n\n        \n          <div class=\"pfq__question\"  >\n            <h4 class=\"pfq__question__title\">Ist eine Kurtaxe zu entrichten?<\/h4>\n            <div class=\"pfq__answer\"><p>Ja, es gibt eine Kurtaxe (0,66\u20ac pro Nacht und pro Person \u00fcber 18 Jahre).<\/p>\n<\/div>\n          <\/div>\n\n        \n          <div class=\"pfq__question\"  >\n            <h4 class=\"pfq__question__title\">Bezahlung meines Aufenthaltes?<\/h4>\n            <div class=\"pfq__answer\"><p>Bei Mietobjekten ist eine Anzahlung von 25% erforderlich, um Ihre Buchung zu best\u00e4tigen. Der Restbetrag muss sp\u00e4testens einen Monat vor dem Tag Ihrer Ankunft bezahlt werden. Wenn Sie weniger als einen Monat vor Ihrer Ankunft buchen, m\u00fcssen Sie den Gesamtbetrag Ihrer Buchung direkt bezahlen.<br \/>\nAuf dem Stellplatz ist eine Anzahlung von \u20ac 150 erforderlich, um Ihre Buchung zu best\u00e4tigen, oder wenn Sie eine oder zwei N\u00e4chte buchen, wird der Gesamtbetrag verlangt. Der Restbetrag muss am Tag Ihrer Ankunft bezahlt werden.   <\/p>\n<\/div>\n          <\/div>\n\n        \n          <div class=\"pfq__question\"  >\n            <h4 class=\"pfq__question__title\">Was passiert, wenn ich nicht kommen kann?<\/h4>\n            <div class=\"pfq__answer\"><p>Stornierungen m\u00fcssen per E-Mail oder Brief erfolgen:<br \/>\n&#8211; mehr als 30 Tage vor dem Anreisetag wird ein Betrag von 30 Euro einbehalten<br \/>\nf\u00fcr B\u00fcro- und Bearbeitungsgeb\u00fchren,<br \/>\n&#8211; zwischen 30 Tagen und dem Anreisetag wird die Anzahlung nicht zur\u00fcckerstattet,<br \/>\n&#8211; ab 20 Uhr am Anreisetag, au\u00dfer der Kunde hat seine Versp\u00e4tung angek\u00fcndigt, beh\u00e4lt sich die Direktion das Recht vor, \u00fcber den Stellplatz zu verf\u00fcgen und die Anzahlung wird nicht zur\u00fcckerstattet.<br \/>\nWir haben keine Stornierungsgarantie, es liegt an Ihnen, sich bei Ihrer Bank, Versicherung oder Ihrer Kreditkarte zu erkundigen.<\/p>\n<\/div>\n          <\/div>\n\n        \n          <div class=\"pfq__question\"  >\n            <h4 class=\"pfq__question__title\">Wie buche ich einen Geschenkgutschein?<\/h4>\n            <div class=\"pfq__answer\"><p>Der Geschenkgutschein oder Geschenkscheck kann direkt auf unserer Website gebucht werden. Er ist f\u00fcr die laufende Saison g\u00fcltig. Die Betr\u00e4ge betragen 30 \u20ac, 50 \u20ac oder 100 \u20ac.<br \/>\nKopieren Sie einfach den beigef\u00fcgten Link: <a href=\"https:\/\/bookingpremium.secureholiday.net\/FR\/171\/giftVoucher\" target=\"_blank\" rel=\"nofollow noopener\">Geschenkgutschein, w\u00e4hlen Sie den gew\u00fcnschten Wert (30, 50 oder 100 \u20ac) und die Person, der Sie den Gutschein<\/a> zukommen lassen m\u00f6chten. Diese Person erh\u00e4lt einen Code, den sie bei ihrer Buchung einl\u00f6sen muss.   <\/p>\n<\/div>\n          <\/div>\n\n        \n          <div class=\"pfq__question\"  >\n            <h4 class=\"pfq__question__title\">K\u00f6nnen Sie an jedem Tag der Woche anreisen?<\/h4>\n            <div class=\"pfq__answer\"><p>&#8211; Stellplatz: Ja, An- und Abreise an Tagen Ihrer Wahl<br \/>\n&#8211; Mobilheim: An- und Abreise an Tagen Ihrer Wahl in der Nebensaison vom 18\/04 bis 03\/07 und vom 13\/09 bis 20\/09), die Vermietung erfolgt von Samstag bis Samstag und f\u00fcr mindestens 7 N\u00e4chte vom 04\/07 bis 12\/09.<\/p>\n<\/div>\n          <\/div>\n\n        \n          <div class=\"pfq__question\"  >\n            <h4 class=\"pfq__question__title\">K\u00f6nnen wir unseren Hund mitbringen?<\/h4>\n            <div class=\"pfq__answer\"><p>Hunde sind auf dem Campingplatz Le Grand Large in der Normandie herzlich willkommen. Wir akzeptieren maximal einen Hund pro Stellplatz oder Mietobjekt und erheben keine zus\u00e4tzlichen Geb\u00fchren f\u00fcr unsere vierbeinigen Freunde. Sie m\u00fcssen an der Leine gef\u00fchrt werden und d\u00fcrfen nicht frei herumlaufen. Kotbeutel stehen auf dem Grundst\u00fcck zur Verf\u00fcgung. Ein aktueller Impfpass muss bei der Ankunft des Campers vorgelegt werden. Hunde der 1. und 2. Kategorie sind auf dem Campingplatz verboten. Im Mietobjekt d\u00fcrfen sie nicht allein gelassen werden.      <\/p>\n<\/div>\n          <\/div>\n\n        \n          <div class=\"pfq__question\"  >\n            <h4 class=\"pfq__question__title\">Ist es m\u00f6glich, den Standort zu w\u00e4hlen?<\/h4>\n            <div class=\"pfq__answer\"><p>Sie k\u00f6nnen Ihren Lieblingsplatz reservieren oder nach Kriterien w\u00e4hlen, die Ihnen wichtig sind (Schatten, in der N\u00e4he von Sanit\u00e4ranlagen, mit Freunden, ruhig oder Nummer). Bitte teilen Sie uns Ihre Kriterien zum Zeitpunkt Ihrer Buchung im Kommentarfeld mit. Je nach Verf\u00fcgbarkeit zum Zeitpunkt Ihrer Buchung unter<br \/>\nwerden wir alles tun, um Sie zufrieden zu stellen. Auch wenn es selten vorkommt, dass wir Ihren Wunsch nicht erf\u00fcllen k\u00f6nnen, k\u00f6nnen wir keine 100%ige Garantie f\u00fcr einen Stellplatz geben.   <\/p>\n<\/div>\n          <\/div>\n\n        \n          <div class=\"pfq__question\"  >\n            <h4 class=\"pfq__question__title\">K\u00f6nnen Minderj\u00e4hrige allein kommen?<\/h4>\n            <div class=\"pfq__answer\"><p>Wir akzeptieren keine Minderj\u00e4hrigen, die nicht von ihren gesetzlichen Vertretern begleitet werden.<\/p>\n<\/div>\n          <\/div>\n\n        \n      <\/div>\n\n    \n      <div class=\"pfq__questions__group \" data-pfq-group=\"group-1\">\n\n        <h3>Praktische Informationen<\/h3>\n\n        \n          <div class=\"pfq__question\"  >\n            <h4 class=\"pfq__question__title\">Gibt es Bedingungen f\u00fcr den Zugang zum Pool?<\/h4>\n            <div class=\"pfq__answer\"><p>Der Zugang zum Pool ist in Ihrem Aufenthalt inbegriffen. Er ist nur den G\u00e4sten vorbehalten, die sich auf dem Campingplatz aufhalten.<br \/>\nWissenswertes:<br \/>\n&#8211; Badeshorts sind nicht erlaubt<br \/>\n&#8211; Kinder stehen unter der Verantwortung und Aufsicht der Eltern. <\/p>\n<\/div>\n          <\/div>\n\n        \n          <div class=\"pfq__question\"  >\n            <h4 class=\"pfq__question__title\">Was sind die Richtlinien f\u00fcr Autos?<\/h4>\n            <div class=\"pfq__answer\"><p>&#8211; 2-Zimmer- und 3-Zimmer-Vermietung: Ein Parkplatz ist neben Ihrem Mietobjekt vorhanden. 1 Fahrzeug ist in Ihrer Buchung enthalten.<br \/>\n&#8211; Stellpl\u00e4tze: 1 Fahrzeug ist in Ihrer Buchung enthalten.<br \/>\nZur Erinnerung: Ein Wohnmobil ist ein Fahrzeug. <\/p>\n<\/div>\n          <\/div>\n\n        \n          <div class=\"pfq__question\"  >\n            <h4 class=\"pfq__question__title\">D\u00fcrfen Freunde mich auf dem Campingplatz besuchen?<\/h4>\n            <div class=\"pfq__answer\"><p>Ihre G\u00e4ste m\u00fcssen sich an der Rezeption des Campingplatzes melden, um die Besucherpauschale zu bezahlen und Zugang zum Campingplatz zu erhalten. Der Tagesbesucherpreis erm\u00f6glicht den Zugang zu allen Dienstleistungen des Campingplatzes.<br \/>\nPreise:<br \/>\nVOM 18\/04 bis 13\/05 und vom 30\/08 bis 20\/09<br \/>\n&#8211; 6.50\u20ac Person \u00fcber 10 Jahre<br \/>\n&#8211; 5\u20ac Kind unter 10 Jahren<br \/>\n-kostenlos &#8211; ab 3 Jahren<br \/>\nVOM 14\/05 bis 03\/07 und vom 23\/08 bis 29\/08<br \/>\n&#8211; 10 \u20ac Person \u00fcber 10 Jahre<br \/>\n&#8211; 6 \u20ac Kind unter 10 Jahren<br \/>\n-kostenlos &#8211; ab 3 Jahren<br \/>\nVOM 04\/07 bis 22\/08<br \/>\n&#8211; 13\u20ac Person \u00fcber 10 Jahre<br \/>\n&#8211; 8 \u20ac Kind unter 10 Jahren<br \/>\n-kostenlos &#8211; ab 3 Jahren <\/p>\n<\/div>\n          <\/div>\n\n        \n      <\/div>\n\n    \n      <div class=\"pfq__questions__group \" data-pfq-group=\"group-2\">\n\n        <h3>Der Alltag auf dem Campingplatz<\/h3>\n\n        \n          <div class=\"pfq__question\"  >\n            <h4 class=\"pfq__question__title\">Gibt es Wifi?<\/h4>\n            <div class=\"pfq__answer\"><p>Ja, der Campingplatz verf\u00fcgt \u00fcber Wifi. Aufgrund unserer geografischen Entfernung zu den Einrichtungen und der geringen Abdeckung ist es auf dem gesamten Campingplatz kostenpflichtig. Die Preise sind wie folgt: 15 Min. = 1 \u20ac &#8211; 30 Min. = 2 \u20ac &#8211; 60 Min. = 4 \u20ac &#8211; 120 Min. = 6 \u20ac<br \/>\nAllerdings gibt es gute Nachrichten in Bezug auf 4 G und die Telefonabdeckung, eine Antenne wurde vor kurzem installiert.  <\/p>\n<\/div>\n          <\/div>\n\n        \n          <div class=\"pfq__question\"  >\n            <h4 class=\"pfq__question__title\">D\u00fcrfen wir grillen?<\/h4>\n            <div class=\"pfq__answer\"><p>Kein Urlaub ohne einen Grill, egal ob Gas-, Kohle- oder Elektrogrill! Denken Sie daran, Ihren eigenen Grill mitzubringen, da diese nicht zur Verf\u00fcgung gestellt werden und wir keine Gemeinschaftsgrills haben. Achten Sie jedoch darauf, dass Sie nicht auf der Terrasse grillen, sondern auf dem Rasen.  <\/p>\n<\/div>\n          <\/div>\n\n        \n          <div class=\"pfq__question\"  >\n            <h4 class=\"pfq__question__title\">Wo muss ich meinen M\u00fcll entsorgen?<\/h4>\n            <div class=\"pfq__answer\"><p>Um die Bel\u00e4stigung zu minimieren und unsere sch\u00f6ne Umwelt zu sch\u00fctzen, finden Sie die M\u00fclltonnen am Eingang des Campingplatzes, wenn Sie die Stra\u00dfe \u00fcberqueren.<br \/>\nDort finden Sie die schwarzen M\u00fclltonnen f\u00fcr Hausm\u00fcll, die gelben M\u00fclltonnen f\u00fcr Plastik und Pappe und den gr\u00fcnen Container f\u00fcr Glas.<\/p>\n<\/div>\n          <\/div>\n\n        \n          <div class=\"pfq__question\"  >\n            <h4 class=\"pfq__question__title\">Wie gro\u00df sind die Betten in den Ferienh\u00e4usern?<\/h4>\n            <div class=\"pfq__answer\"><p>Alle unsere Unterk\u00fcnfte sind mit einem Kingsize-Bett ausgestattet. Die Ma\u00dfe sind 160 x 200.<br \/>\nDie Einzelbetten haben die Ma\u00dfe 80 x 190.<br \/>\nWir vermieten Stofflaken f\u00fcr 17 \u20ac pro Bett. Sie erhalten diese bei Ihrer Ankunft an der Rezeption unseres Campingplatzes.  <\/p>\n<\/div>\n          <\/div>\n\n        \n          <div class=\"pfq__question\"  >\n            <h4 class=\"pfq__question__title\">Vermieten Sie Babyausstattung?<\/h4>\n            <div class=\"pfq__answer\"><p>Bei der Vermietung von Mobilheimen k\u00f6nnen Sie ohne zus\u00e4tzliche Kosten einen Kinderstuhl und\/oder ein Kinderbett mieten. Sie k\u00f6nnen dies bei der Online-Buchung oder per E-Mail beantragen.<br \/>\nDie Sanit\u00e4ranlagen sind mit allem Notwendigen ausgestattet: Badezimmer mit Wickeltisch und Kinderbadewanne. <\/p>\n<\/div>\n          <\/div>\n\n        \n          <div class=\"pfq__question\"  >\n            <h4 class=\"pfq__question__title\">Gibt es einen Fahrradverleih?<\/h4>\n            <div class=\"pfq__answer\"><p>Wir vermieten keine Fahrr\u00e4der auf dem Campingplatz. Sie k\u00f6nnen Elektrofahrr\u00e4der auf der Ferme aux 5 saisons in Flamanville mieten. <\/p>\n<\/div>\n          <\/div>\n\n        \n          <div class=\"pfq__question\"  >\n            <h4 class=\"pfq__question__title\">Bieten Sie Surfbretter zum Mieten an?<\/h4>\n            <div class=\"pfq__answer\"><p>Damit Sie trainieren oder Ihr K\u00f6nnen verbessern k\u00f6nnen, k\u00f6nnen Sie direkt an der Rezeption unseres Campingplatzes ein Surfbrett mieten. Es gibt verschiedene Angebote: ab 3 Stunden f\u00fcr 15 \u20ac oder einen Tag f\u00fcr 25 \u20ac. <\/p>\n<\/div>\n          <\/div>\n\n        \n          <div class=\"pfq__question\"  >\n            <h4 class=\"pfq__question__title\">Gibt es einen Waschsalon?<\/h4>\n            <div class=\"pfq__answer\"><p>Sie finden Waschmaschinen und W\u00e4schetrockner in jedem Sanit\u00e4rgeb\u00e4ude. Sie m\u00fcssen Ihre M\u00fcnze an der Rezeption kaufen und bei Bedarf gibt es auch Waschmittel f\u00fcr 1 \u20ac.<br \/>\nEin B\u00fcgeleisen ist an der Rezeption erh\u00e4ltlich.<\/p>\n<\/div>\n          <\/div>\n\n        \n      <\/div>\n\n    \n      <div class=\"pfq__questions__group \" data-pfq-group=\"group-3\">\n\n        <h3>Spiele, Aktivit\u00e4ten und Animationen<\/h3>\n\n        \n          <div class=\"pfq__question\"  >\n            <h4 class=\"pfq__question__title\">Bieten Sie Animationen an?<\/h4>\n            <div class=\"pfq__answer\"><p>W\u00e4hrend des Sommers bieten wir Ihnen jede Woche ein Unterhaltungsprogramm an, wie z.B. Boulespiel, Teamspiele f\u00fcr Kinder, Sportveranstaltungen.<br \/>\nWir respektieren die Ruhe und die Erholung aller G\u00e4ste. Die Konzerte, die jede Woche stattfinden, enden sp\u00e4testens um 22:30 Uhr. <\/p>\n<\/div>\n          <\/div>\n\n        \n          <div class=\"pfq__question\"  >\n            <h4 class=\"pfq__question__title\">Gibt es auf dem Campingplatz Spiel- und Sportpl\u00e4tze?<\/h4>\n            <div class=\"pfq__answer\"><p>Wir haben mehrere Spielpl\u00e4tze in den D\u00fcnen unseres Campingplatzes mit Schaukeln, Rutschen und Strukturen f\u00fcr die Kleinen. Es gibt auch einen Fu\u00dfball- und Volleyballplatz. Der Tennisplatz ist nach Anmeldung an der Rezeption zug\u00e4nglich. Das Rezeptionsteam wird Ihnen die Schl\u00fcssel und das Material f\u00fcr maximal 1 Stunde pro Tag und Familie ohne zus\u00e4tzliche Kosten zur Verf\u00fcgung stellen.<br \/>\nDie H\u00fcpfburg und das Trampolin befinden sich am Eingang des Campingplatzes.<br \/>\nF\u00fcr die Gr\u00f6\u00dferen stehen Ihnen auch 2 Boulepl\u00e4tze zur Verf\u00fcgung, wo Sie angenehme und gesellige Momente verbringen k\u00f6nnen.<br \/>\nWir verf\u00fcgen auch \u00fcber einen Raum mit Tischtennisplatten. Bitte vergessen Sie Ihre Ausr\u00fcstung nicht. Wenn Sie es nicht haben, ist es kein Problem, Schl\u00e4ger und B\u00e4lle sind im Lebensmittelgesch\u00e4ft erh\u00e4ltlich. Wir vermieten keine Ausr\u00fcstung.      <\/p>\n<\/div>\n          <\/div>\n\n        \n          <div class=\"pfq__question\"  >\n            <h4 class=\"pfq__question__title\">Wie sind die \u00d6ffnungszeiten der Schwimmb\u00e4der?<\/h4>\n            <div class=\"pfq__answer\"><p>Nebensaison (April &#8211; Mai &#8211; Juni &#8211; September): 10:00 bis 19:00 Uhr<br \/>\nHochsaison (Juli &#8211; August): 10:00 bis 20:00 Uhr<\/p>\n<\/div>\n          <\/div>\n\n        \n      <\/div>\n\n    \n      <div class=\"pfq__questions__group \" data-pfq-group=\"group-4\">\n\n        <h3>Die Gesch\u00e4fte<\/h3>\n\n        \n          <div class=\"pfq__question\"  >\n            <h4 class=\"pfq__question__title\">Wo kann man Brot kaufen?<\/h4>\n            <div class=\"pfq__answer\"><p>Jeden Morgen k\u00f6nnen Sie im Lebensmittelgesch\u00e4ft frisches Brot und Geb\u00e4ck kaufen.<br \/>\nBitte beachten Sie, dass Sie in der Nebensaison Ihre Bestellung am Vortag aufgeben m\u00fcssen.<\/p>\n<\/div>\n          <\/div>\n\n        \n          <div class=\"pfq__question\"  >\n            <h4 class=\"pfq__question__title\">Wie sind die \u00d6ffnungszeiten der Bar?<\/h4>\n            <div class=\"pfq__answer\"><p>Die Bar ist von 9.00 bis 12.30 Uhr und von 14.00 bis 19.30 Uhr und im Sommer von 8.30 bis 23.00 Uhr ge\u00f6ffnet.<\/p>\n<\/div>\n          <\/div>\n\n        \n          <div class=\"pfq__question\"  >\n            <h4 class=\"pfq__question__title\">Ist auch ein Fr\u00fchst\u00fcck m\u00f6glich?<\/h4>\n            <div class=\"pfq__answer\"><p>Ja, besuchen Sie die Bar und genie\u00dfen Sie ein Fr\u00fchst\u00fcck auf der Terrasse, das von unserem dynamischen Team serviert wird.<\/p>\n<\/div>\n          <\/div>\n\n        \n          <div class=\"pfq__question\"  >\n            <h4 class=\"pfq__question__title\">Gibt es ein Restaurant?<\/h4>\n            <div class=\"pfq__answer\"><p>Nur eine Snackbar, die mittags und abends ab 18.30 Uhr f\u00fcr Burger ge\u00f6ffnet ist.<br \/>\nHier k\u00f6nnen Sie Croques Monsieur, Burger, Pommes Frites und Bretter bestellen.<br \/>\nZum Nachtisch gibt es Eis in der Bar.<br \/>\nSie k\u00f6nnen auf der gro\u00dfen Terrasse der Bar zu Abend essen oder das Essen an Ihren Platz mitnehmen.<\/p>\n<\/div>\n          <\/div>\n\n        \n          <div class=\"pfq__question\"  >\n            <h4 class=\"pfq__question__title\">Wo kann man Briefmarken und Postkarten kaufen?<\/h4>\n            <div class=\"pfq__answer\"><p>An der Rezeption finden Sie Postkarten vom Campingplatz oder der Region, die Ihre Lieben begeistern werden. Wir haben auch Briefmarken im Angebot. Der gelbe Briefkasten befindet sich an der Seite der Rezeption.  <\/p>\n<\/div>\n          <\/div>\n\n        \n      <\/div>\n\n    \n      <div class=\"pfq__questions__group \" data-pfq-group=\"group-5\">\n\n        <h3>Unsere 2 und 3 Schlafzimmer Vermietungen<\/h3>\n\n        \n          <div class=\"pfq__question\"  >\n            <h4 class=\"pfq__question__title\">Wie sind die An- und Abreisezeiten?<\/h4>\n            <div class=\"pfq__answer\"><p>Ankunft:<br \/>\n&#8211; vom 18\/04 bis 20\/09 von 15.00 bis 19.00 Uhr<br \/>\nAbreise: Das Mietobjekt muss zwischen 09.00 und 10.00 Uhr verlassen werden.<\/p>\n<\/div>\n          <\/div>\n\n        \n          <div class=\"pfq__question\"  >\n            <h4 class=\"pfq__question__title\">Muss ich eine Kaution hinterlegen?<\/h4>\n            <div class=\"pfq__answer\"><p>Bei Ihrer Ankunft wird eine Kaution in bar, per Scheck oder Kreditkarte verlangt. Bei Ihrer Abreise werden wir eine Bestandsaufnahme durchf\u00fchren und Ihre Kaution zur\u00fcckerstatten. Bitte melden Sie der Rezeption alle M\u00e4ngel oder Sch\u00e4den, die Sie bei Ihrer Ankunft oder w\u00e4hrend Ihres Aufenthalts bemerken.  <\/p>\n<\/div>\n          <\/div>\n\n        \n          <div class=\"pfq__question\"  >\n            <h4 class=\"pfq__question__title\">D\u00fcrfen wir auf unserer Parzelle eine zus\u00e4tzliche Zeltplane aufstellen?<\/h4>\n            <div class=\"pfq__answer\"><p>Zelte k\u00f6nnen nur auf den Campingpl\u00e4tzen aufgestellt werden. Wir k\u00f6nnen uns bem\u00fchen, einen Stellplatz und ein Mietobjekt auf zwei Parzellen nebeneinander zu reservieren. <\/p>\n<\/div>\n          <\/div>\n\n        \n          <div class=\"pfq__question\"  >\n            <h4 class=\"pfq__question__title\">Sind Hunde in den Mietunterk\u00fcnften erlaubt?<\/h4>\n            <div class=\"pfq__answer\"><p>Ja, ein Haustier ist pro Mietobjekt ohne zus\u00e4tzliche Kosten erlaubt. Das Haustier darf w\u00e4hrend Ihrer Abwesenheit nicht alleine bleiben. <\/p>\n<\/div>\n          <\/div>\n\n        \n          <div class=\"pfq__question\"  >\n            <h4 class=\"pfq__question__title\">Kann man Bettw\u00e4sche und Handt\u00fccher mieten?<\/h4>\n            <div class=\"pfq__answer\"><p>Sie k\u00f6nnen diese bei Ihrer Buchung f\u00fcr 17 \u20ac pro Bett und Handtuchpaket f\u00fcr 7 \u20ac reservieren.<br \/>\nSie haben es vergessen? Keine Sorge, um die Verf\u00fcgbarkeit zu gew\u00e4hrleisten, senden Sie uns eine E-Mail und wir f\u00fcgen sie Ihrer Bestellung hinzu (die Zahlung erfolgt vor Ort). <\/p>\n<\/div>\n          <\/div>\n\n        \n          <div class=\"pfq__question\"  >\n            <h4 class=\"pfq__question__title\">Muss ich mein Feriendomizil vor der R\u00fcckgabe reinigen?<\/h4>\n            <div class=\"pfq__answer\"><p>Sie m\u00fcssen Ihr Mietobjekt so zur\u00fcckgeben, wie Sie es bei Ihrer Ankunft vorgefunden haben. Das bedeutet, dass Sie die R\u00e4umlichkeiten sauber hinterlassen, Bettw\u00e4sche und Handt\u00fccher holen, den K\u00fchlschrank leeren und reinigen, den M\u00fclleimer leeren, das Geschirr reinigen und einr\u00e4umen.<br \/>\nWir bieten keine Reinigungsformel an. <\/p>\n<\/div>\n          <\/div>\n\n        \n      <\/div>\n\n    \n      <div class=\"pfq__questions__group \" data-pfq-group=\"group-6\">\n\n        <h3>Campingpl\u00e4tze<\/h3>\n\n        \n          <div class=\"pfq__question\"  >\n            <h4 class=\"pfq__question__title\">Wie sind die Ankunfts- und Abfahrtszeiten am Stellplatz?<\/h4>\n            <div class=\"pfq__answer\"><p>18\/04 bis 20\/09:<br \/>\nAnkunft: 14.00 bis 19.00 Uhr<br \/>\nAbreise: Vor Mittag<\/p>\n<\/div>\n          <\/div>\n\n        \n          <div class=\"pfq__question\"  >\n            <h4 class=\"pfq__question__title\">Welche Steckdosen werden verwendet?<\/h4>\n            <div class=\"pfq__answer\"><p>Der Campingplatz ist mit europ\u00e4ischen Steckdosen (3 Stecker) ausgestattet. Wir verkaufen diese f\u00fcr 15 \u20ac. <\/p>\n<\/div>\n          <\/div>\n\n        \n          <div class=\"pfq__question\"  >\n            <h4 class=\"pfq__question__title\">Kann man einen K\u00fchlschrank oder einen Grill mieten?<\/h4>\n            <div class=\"pfq__answer\"><p>Wir vermieten keine K\u00fchlschr\u00e4nke oder Grillger\u00e4te. Wir haben lediglich ein System von K\u00fchlschr\u00e4nken als Kaution. <\/p>\n<\/div>\n          <\/div>\n\n        \n          <div class=\"pfq__question\"  >\n            <h4 class=\"pfq__question__title\">Wo sind die sanit\u00e4ren Einrichtungen?<\/h4>\n            <div class=\"pfq__answer\"><p>Wir geben Ihnen bei Ihrer Ankunft einen Plan des Campingplatzes und zeigen Ihnen die Sanit\u00e4ranlagen, die sich am n\u00e4chsten zu Ihrem Stellplatz befinden.<\/p>\n<\/div>\n          <\/div>\n\n        \n          <div class=\"pfq__question\"  >\n            <h4 class=\"pfq__question__title\">Wie kommt man zu den sanit\u00e4ren Einrichtungen?<\/h4>\n            <div class=\"pfq__answer\"><p>Die Sanit\u00e4ranlagen sind rund um die Uhr ge\u00f6ffnet, es sind keine Duschmarken erforderlich.<\/p>\n<\/div>\n          <\/div>\n\n        \n          <div class=\"pfq__question\"  >\n            <h4 class=\"pfq__question__title\">Wo kann ich mein Wohnmobil entleeren?<\/h4>\n            <div class=\"pfq__answer\"><p>Es gibt einen Entsorgungsplatz am Eingang des Campingplatzes und einen chemischen Abfluss in der N\u00e4he des gro\u00dfen Sanit\u00e4rblocks.<br \/>\nBitte beachten Sie, dass Sie auf allen Stellpl\u00e4tzen an das Trinkwasser und die Abwasserentsorgung angeschlossen werden k\u00f6nnen.<\/p>\n<\/div>\n          <\/div>\n\n        \n      <\/div>\n\n    \n      <div class=\"pfq__questions__group \" data-pfq-group=\"group-7\">\n\n        <h3>Das \u00c4u\u00dfere des Campingplatzes<\/h3>\n\n        \n          <div class=\"pfq__question\"  >\n            <h4 class=\"pfq__question__title\">Wo kann ich einkaufen?<\/h4>\n            <div class=\"pfq__answer\"><p>Im Lebensmittelgesch\u00e4ft auf dem Campingplatz k\u00f6nnen Sie sich schnell versorgen. Au\u00dferdem gibt es mehrere Superm\u00e4rkte wie Super U, Intermarch\u00e9 oder LIDL, die nur 4 km von unserem Campingplatz entfernt sind. Im Stadtzentrum von Les Pieux finden Sie alle Gesch\u00e4fte (Metzger, Fischh\u00e4ndler, B\u00e4cker, Apotheke, Friseur&#8230;), die Sie w\u00e4hrend Ihres Aufenthalts ben\u00f6tigen.  <\/p>\n<\/div>\n          <\/div>\n\n        \n          <div class=\"pfq__question\"  >\n            <h4 class=\"pfq__question__title\">Wann findet der Markt statt?<\/h4>\n            <div class=\"pfq__answer\"><p>&#8211; Montag: Bricquebec<br \/>\n&#8211; Dienstag: Portbail<br \/>\n&#8211; Mittwoch: Flamanville-Surtainville (ab 17 Uhr im Juli und August)<br \/>\n&#8211; Donnerstag: Barneville- Carteret Ch\u00e2teau du Rozel (ab 17 Uhr im Juli und August)<br \/>\n&#8211; Freitag: Les Pieux<br \/>\n&#8211; Samstag: Barneville<br \/>\n&#8211; Sonntag: Octeville &#8211; Pirou<\/p>\n<\/div>\n          <\/div>\n\n        \n          <div class=\"pfq__question\"  >\n            <h4 class=\"pfq__question__title\">Wie organisiere ich meine Ausfl\u00fcge?<\/h4>\n            <div class=\"pfq__answer\"><p>An der Rezeption finden Sie viel Informationsmaterial und ein Team, das sich in der Region auskennt. Bei Ihrer Ankunft erhalten Sie einen Stadtplan mit vielen praktischen Informationen (Gezeitenzeiten, Wasser- und Landaktivit\u00e4ten und andere&#8230;). Unsere sch\u00f6ne Region ist reich an Aktivit\u00e4ten, die genauso vielf\u00e4ltig sind wie unsere Landschaften. Ein vollst\u00e4ndiges Press-book ist in jeder Unterkunft verf\u00fcgbar, um Sie bei Ihren n\u00e4chsten Spazierg\u00e4ngen und Besichtigungen zu unterst\u00fctzen.<br \/>\nSie k\u00f6nnen die Eintrittskarten f\u00fcr die Stadt des Meeres direkt an der Rezeption kaufen und von Rabatten und einer Warteschlange profitieren. Sie k\u00f6nnen auch Tickets f\u00fcr die anglonormannischen Inseln buchen. (F\u00fcr einen Tag ben\u00f6tigen franz\u00f6sische Staatsb\u00fcrger nur einen Personalausweis. F\u00fcr alle anderen Staatsangeh\u00f6rigen ist ein Reisepass erforderlich).     <\/p>\n<\/div>\n          <\/div>\n\n        \n          <div class=\"pfq__question\"  >\n            <h4 class=\"pfq__question__title\">Sind Hunde an den Str\u00e4nden erlaubt?<\/h4>\n            <div class=\"pfq__answer\"><p>Ihr Haustier kann sich am Strand vor unserem Campingplatz, der f\u00fcr Hunde zugelassen ist, die Beine vertreten.<br \/>\nViele Str\u00e4nde sind jedoch tags\u00fcber nicht zug\u00e4nglich. Abends nach 19 Uhr k\u00f6nnen Sie den Strand besuchen. <\/p>\n<\/div>\n          <\/div>\n\n        \n          <div class=\"pfq__question\"  >\n            <h4 class=\"pfq__question__title\">Ich m\u00f6chte zu Fu\u00df angeln gehen<\/h4>\n            <div class=\"pfq__answer\"><p>Sie k\u00f6nnen von unserem Campingplatz aus nicht zu Fu\u00df angeln. Wir haben einen Strand mit feinem Sand, den Muscheln nicht m\u00f6gen.<br \/>\nF\u00fcr die Str\u00e4nde an der Ostk\u00fcste ist es m\u00f6glich, schauen Sie sich die Gezeiten an und nehmen Sie dann einen kleinen F\u00fchrer \u00fcber Muscheln und die vorgeschriebenen Fanggr\u00f6\u00dfen mit. Fragen Sie an der Rezeption nach.  <\/p>\n<\/div>\n          <\/div>\n\n        \n          <div class=\"pfq__question\"  >\n            <h4 class=\"pfq__question__title\">Ich muss einen Arzt aufsuchen<\/h4>\n            <div class=\"pfq__answer\"><p>Bei Ihrer Ankunft erhalten Sie zusammen mit dem Stadtplan die verschiedenen n\u00fctzlichen Nummern, darunter auch die der \u00c4rzte. F\u00fcr Notf\u00e4lle haben Sie ein rotes Telefon am Empfangstor, das Sie abheben k\u00f6nnen. <\/p>\n<\/div>\n          <\/div>\n\n        \n      <\/div>\n\n    \n  <\/div>\n<\/div>\n<\/div>\n\n\n\n<div class=\"wp-block-group alignfull lgl-prefooter has-vert-background-color has-background has-global-padding is-layout-constrained wp-container-core-group-is-layout-827caa84 wp-block-group-is-layout-constrained\" style=\"padding-top:5.31rem;padding-bottom:5.31rem\">\n<div class=\"wp-block-group lgl-prefooter-wrapper is-content-justification-center is-nowrap is-layout-flex wp-container-core-group-is-layout-7bd8e6d9 wp-block-group-is-layout-flex\" style=\"padding-right:2rem;padding-left:2rem\">\n<div class=\"wp-block-group item is-vertical is-content-justification-center is-layout-flex wp-container-core-group-is-layout-b6c1f246 wp-block-group-is-layout-flex\">\n<figure class=\"wp-block-image size-full is-resized wp-duotone-white\"><img alt=\"\" decoding=\"async\" src=\"https:\/\/www.legrandlarge.com\/wp-content\/uploads\/2025\/12\/docutiles.svg\" alt=\"\" class=\"wp-image-500\" style=\"width:auto;height:90px\"\/><\/figure>\n\n\n\n<p class=\"has-text-align-center is-style-default has-blanc-color has-text-color has-link-color has-secondary-font-family has-m-font-size wp-elements-d36ffa4777824e05dace2f4bf07bf738\">Alles im Griff<br\/> den<em>Geist frei.<\/em><\/p>\n\n\n\n<p class=\"has-text-align-center has-vert-f-color has-text-color has-link-color wp-elements-a73e82722264b197413cd4856e909a07\" style=\"text-transform:uppercase\"><strong>Alle Dokumente<\/strong><\/p>\n\n\n\n<div style=\"height:0px\" aria-hidden=\"true\" class=\"wp-block-spacer is-spacer wp-container-content-6b166158\"><\/div>\n\n\n\n<div class=\"wp-block-buttons is-layout-flex wp-block-buttons-is-layout-flex\">\n<div class=\"wp-block-button is-style-hrz-btn--primary is-darker\"><a class=\"wp-block-button__link has-vert-f-color has-text-color has-link-color has-text-align-center wp-element-button\" href=\"https:\/\/www.legrandlarge.com\/de\/vacances-camping-normandie\/\" style=\"text-transform:uppercase\">N\u00fctzliche Dokumente<\/a><\/div>\n<\/div>\n<\/div>\n\n\n\n<div class=\"wp-block-group item is-vertical is-content-justification-center is-layout-flex wp-container-core-group-is-layout-b6c1f246 wp-block-group-is-layout-flex\">\n<figure class=\"wp-block-image size-full is-resized wp-duotone-white\"><img alt=\"\" decoding=\"async\" src=\"https:\/\/www.legrandlarge.com\/wp-content\/uploads\/2025\/12\/avis.svg\" alt=\"\" class=\"wp-image-496\" style=\"width:auto;height:90px\"\/><\/figure>\n\n\n\n<p class=\"has-text-align-center is-style-default has-blanc-color has-text-color has-link-color has-secondary-font-family has-m-font-size wp-elements-ac8a02e8c65498a2de6c1a715c7ee23e\">Ihre Worte,<br\/>unsere <em>Gischt<\/em><\/p>\n\n\n\n<p class=\"has-text-align-center has-vert-f-color has-text-color has-link-color wp-elements-80b95af925dbf83ec8829339142e73a7\" style=\"text-transform:uppercase\"><strong>Ihre Meinung<\/strong><\/p>\n\n\n\n<div style=\"height:0px\" aria-hidden=\"true\" class=\"wp-block-spacer is-spacer wp-container-content-6b166158\"><\/div>\n\n\n\n<div class=\"wp-block-buttons is-layout-flex wp-block-buttons-is-layout-flex\">\n<div class=\"wp-block-button is-style-hrz-btn--primary is-darker\"><a class=\"wp-block-button__link has-vert-f-color has-text-color has-link-color has-text-align-center wp-element-button\" href=\"https:\/\/www.legrandlarge.com\/de\/avis-camping-normandie\/\" style=\"text-transform:uppercase\">Kundenmeinungen<\/a><\/div>\n<\/div>\n<\/div>\n\n\n\n<div class=\"wp-block-group item is-vertical is-content-justification-center is-layout-flex wp-container-core-group-is-layout-b6c1f246 wp-block-group-is-layout-flex\">\n<figure class=\"wp-block-image size-full is-resized wp-duotone-white\"><img alt=\"\" decoding=\"async\" src=\"https:\/\/www.legrandlarge.com\/wp-content\/uploads\/2025\/12\/blog.svg\" alt=\"\" class=\"wp-image-498\" style=\"width:auto;height:90px\"\/><\/figure>\n\n\n\n<p class=\"has-text-align-center is-style-default has-blanc-color has-text-color has-link-color has-secondary-font-family has-m-font-size wp-elements-99101c98593388b5a37c0e7acdd83959\">Alle <em>unsere<\/em><br\/><em>Chroniken<\/em><\/p>\n\n\n\n<p class=\"has-text-align-center has-vert-f-color has-text-color has-link-color wp-elements-c8dd6b35df7d681ce884904024c40f7a\" style=\"text-transform:uppercase\"><strong>Unser Blog<\/strong><\/p>\n\n\n\n<div style=\"height:0px\" aria-hidden=\"true\" class=\"wp-block-spacer is-spacer wp-container-content-6b166158\"><\/div>\n\n\n\n<div class=\"wp-block-buttons is-layout-flex wp-block-buttons-is-layout-flex\">\n<div class=\"wp-block-button is-style-hrz-btn--primary is-darker\"><a class=\"wp-block-button__link has-vert-f-color has-text-color has-link-color has-text-align-center wp-element-button\" href=\"https:\/\/www.legrandlarge.com\/de\/blog-camping-normandie\/\" style=\"text-transform:uppercase\">Blog<\/a><\/div>\n<\/div>\n<\/div>\n\n\n\n<div class=\"wp-block-group item is-vertical is-content-justification-center is-layout-flex wp-container-core-group-is-layout-b6c1f246 wp-block-group-is-layout-flex\">\n<figure class=\"wp-block-image size-full is-resized wp-duotone-white\"><img alt=\"\" decoding=\"async\" src=\"https:\/\/www.legrandlarge.com\/wp-content\/uploads\/2025\/12\/phare.svg\" alt=\"\" class=\"wp-image-504\" style=\"width:auto;height:90px\"\/><\/figure>\n\n\n\n<p class=\"has-text-align-center is-style-default has-blanc-color has-text-color has-link-color has-secondary-font-family has-m-font-size wp-elements-93ec389beb72a80521bbbefefb797c31\">Jodhaltige Rhythmen<br\/><em>garantiert<\/em><\/p>\n\n\n\n<p class=\"has-text-align-center has-vert-f-color has-text-color has-link-color wp-elements-4983a7ccfc9ce3301b634668b4b9cdeb\" style=\"text-transform:uppercase\"><strong>Rhythmus des Ozeans<\/strong><\/p>\n\n\n\n<div style=\"height:0px\" aria-hidden=\"true\" class=\"wp-block-spacer is-spacer wp-container-content-6b166158\"><\/div>\n\n\n\n<div class=\"wp-block-buttons is-layout-flex wp-block-buttons-is-layout-flex\">\n<div class=\"wp-block-button is-style-hrz-btn--primary is-darker\"><a class=\"wp-block-button__link has-vert-f-color has-text-color has-link-color has-text-align-center wp-element-button\" style=\"text-transform:uppercase\">Gezeitenzeiten<\/a><\/div>\n<\/div>\n<\/div>\n\n\n\n<div class=\"wp-block-group item is-vertical is-content-justification-center is-layout-flex wp-container-core-group-is-layout-b6c1f246 wp-block-group-is-layout-flex\">\n<figure class=\"wp-block-image size-full is-resized wp-duotone-white\"><img alt=\"\" decoding=\"async\" src=\"https:\/\/www.legrandlarge.com\/wp-content\/uploads\/2025\/12\/acces.svg\" alt=\"\" class=\"wp-image-495\" style=\"width:auto;height:90px\"\/><\/figure>\n\n\n\n<p class=\"has-text-align-center is-style-default has-blanc-color has-text-color has-link-color has-secondary-font-family has-m-font-size wp-elements-a481d5f130264126c35f29ae4a68d9e4\">Kurs auf<br\/><em>Le Grand Large<\/em><\/p>\n\n\n\n<p class=\"has-text-align-center has-vert-f-color has-text-color has-link-color wp-elements-8a04277bde165aae9e61710597302b82\" style=\"text-transform:uppercase\"><strong>Kontaktieren Sie uns<\/strong><\/p>\n\n\n\n<div style=\"height:0px\" aria-hidden=\"true\" class=\"wp-block-spacer is-spacer wp-container-content-6b166158\"><\/div>\n\n\n\n<div class=\"wp-block-buttons is-layout-flex wp-block-buttons-is-layout-flex\">\n<div class=\"wp-block-button is-style-hrz-btn--primary is-darker\"><a class=\"wp-block-button__link has-vert-f-color has-text-color has-link-color has-text-align-center wp-element-button\" href=\"https:\/\/www.legrandlarge.com\/de\/contact-camping-manche\/\" style=\"text-transform:uppercase\">Kontakt &amp; Anfahrt<\/a><\/div>\n<\/div>\n<\/div>\n<\/div>\n<\/div>\n","protected":false},"excerpt":{"rendered":"<p>Direkter Zugang zu Strand Nat\u00fcrlicher Rahmen Leistungen 5 Sterne Unterk\u00fcnfte ger\u00e4umig Vielf\u00e4ltige Aktivit\u00e4ten Ihre Fragen im Laufe der Zeit H\u00e4ufig gestellte Fragen \u00fcber den Campingplatz Le Grand Large<\/p>\n","protected":false},"author":1,"featured_media":0,"parent":0,"menu_order":0,"comment_status":"closed","ping_status":"closed","template":"page-no-title","meta":{"_acf_changed":false,"_seopress_robots_primary_cat":"","_seopress_titles_title":"FAQ Camping Normandie | Alle Antworten auf Ihre Fragen","_seopress_titles_desc":"Lesen Sie unsere FAQ mit allen wichtigen Informationen zur Vorbereitung Ihres Aufenthalts auf dem Campingplatz Le Grand Large in der Normandie.","_seopress_robots_index":"","footnotes":""},"class_list":["post-18146","page","type-page","status-publish","hentry"],"acf":[],"_links":{"self":[{"href":"https:\/\/www.legrandlarge.com\/de\/wp-json\/wp\/v2\/pages\/18146","targetHints":{"allow":["GET"]}}],"collection":[{"href":"https:\/\/www.legrandlarge.com\/de\/wp-json\/wp\/v2\/pages"}],"about":[{"href":"https:\/\/www.legrandlarge.com\/de\/wp-json\/wp\/v2\/types\/page"}],"author":[{"embeddable":true,"href":"https:\/\/www.legrandlarge.com\/de\/wp-json\/wp\/v2\/users\/1"}],"replies":[{"embeddable":true,"href":"https:\/\/www.legrandlarge.com\/de\/wp-json\/wp\/v2\/comments?post=18146"}],"version-history":[{"count":2,"href":"https:\/\/www.legrandlarge.com\/de\/wp-json\/wp\/v2\/pages\/18146\/revisions"}],"predecessor-version":[{"id":18357,"href":"https:\/\/www.legrandlarge.com\/de\/wp-json\/wp\/v2\/pages\/18146\/revisions\/18357"}],"wp:attachment":[{"href":"https:\/\/www.legrandlarge.com\/de\/wp-json\/wp\/v2\/media?parent=18146"}],"curies":[{"name":"wp","href":"https:\/\/api.w.org\/{rel}","templated":true}]}}