{"id":17955,"date":"2025-12-01T16:02:49","date_gmt":"2025-12-01T16:02:49","guid":{"rendered":"https:\/\/www.legrandlarge.com\/lieux\/camping-mont-saint-michel\/"},"modified":"2026-01-13T08:07:48","modified_gmt":"2026-01-13T08:07:48","slug":"camping-mont-saint-michel","status":"publish","type":"lieux","link":"https:\/\/www.legrandlarge.com\/de\/lieux\/camping-mont-saint-michel\/","title":{"rendered":"Der Mont-Saint-Michel"},"content":{"rendered":"\n<div class=\"wp-block-cover alignfull hero-content\" style=\"min-height:90vh;aspect-ratio:unset;\"><img alt=\"\" decoding=\"async\" width=\"1024\" height=\"576\" class=\"wp-block-cover__image-background wp-image-465 size-large\" alt=\"\" src=\"https:\/\/www.legrandlarge.com\/wp-content\/uploads\/2025\/12\/AdobeStock_505203722-1024x576.webp\" data-object-fit=\"cover\" srcset=\"https:\/\/www.legrandlarge.com\/wp-content\/uploads\/2025\/12\/AdobeStock_505203722-1024x576.webp 1024w, https:\/\/www.legrandlarge.com\/wp-content\/uploads\/2025\/12\/AdobeStock_505203722-300x169.webp 300w, https:\/\/www.legrandlarge.com\/wp-content\/uploads\/2025\/12\/AdobeStock_505203722-768x432.webp 768w, https:\/\/www.legrandlarge.com\/wp-content\/uploads\/2025\/12\/AdobeStock_505203722-1440x810.webp 1440w, https:\/\/www.legrandlarge.com\/wp-content\/uploads\/2025\/12\/AdobeStock_505203722-1366x768.webp 1366w, https:\/\/www.legrandlarge.com\/wp-content\/uploads\/2025\/12\/AdobeStock_505203722-800x450.webp 800w, https:\/\/www.legrandlarge.com\/wp-content\/uploads\/2025\/12\/AdobeStock_505203722-640x360.webp 640w, https:\/\/www.legrandlarge.com\/wp-content\/uploads\/2025\/12\/AdobeStock_505203722-375x210.webp 375w, https:\/\/www.legrandlarge.com\/wp-content\/uploads\/2025\/12\/AdobeStock_505203722-200x112.webp 200w, https:\/\/www.legrandlarge.com\/wp-content\/uploads\/2025\/12\/AdobeStock_505203722-100x56.webp 100w, https:\/\/www.legrandlarge.com\/wp-content\/uploads\/2025\/12\/AdobeStock_505203722.webp 1920w\" sizes=\"(max-width: 1024px) 100vw, 1024px\" \/><span aria-hidden=\"true\" class=\"wp-block-cover__background has-background-dim wp-block-cover__gradient-background has-background-gradient\" style=\"background:linear-gradient(135deg,rgba(0,0,0,0) 0%,rgb(0,0,0) 100%)\"><\/span><div class=\"wp-block-cover__inner-container has-global-padding is-layout-constrained wp-container-core-cover-is-layout-071fe3a8 wp-block-cover-is-layout-constrained\">\n<div class=\"wp-block-group is-z1 is-vertical is-content-justification-center is-layout-flex wp-container-core-group-is-layout-7b32d8e7 wp-block-group-is-layout-flex\"><h1 class=\"wp-block-post-title has-xl-font-size has-secondary-font-family\">Der Mont-Saint-Michel<\/h1><\/div>\n<\/div><\/div>\n\n<div class=\"wp-block-group alignfull is-style-bg-texture has-global-padding is-content-justification-left is-layout-constrained wp-container-core-group-is-layout-7ac10ba0 wp-block-group-is-layout-constrained\" style=\"padding-right:var(--wp--preset--spacing--s);padding-left:var(--wp--preset--spacing--s)\"><div style=\"padding-top:var(--wp--preset--spacing--xxs);padding-bottom:var(--wp--preset--spacing--xxs);\" class=\"wp-elements-b53f42f057c06f74b28afc57fcce3d1c wp-block-wpseopress-breadcrumbs has-xxs-font-size has-primary-font-family\"><nav  aria-label=\"breadcrumb\"><ol class=\"breadcrumb\" itemscope itemtype=\"https:\/\/schema.org\/BreadcrumbList\"><li class=\"breadcrumb-item active\" aria-current=\"page\" itemprop=\"itemListElement\" itemscope itemtype=\"https:\/\/schema.org\/ListItem\"><span itemprop=\"name\">Home<\/span><meta itemprop=\"position\" content=\"1\"><\/li><\/ol><\/nav><\/div><\/div>\n\n<div class=\"wp-block-group alignfull is-style-bg-faq has-global-padding is-layout-constrained wp-container-core-group-is-layout-72208401 wp-block-group-is-layout-constrained\" style=\"padding-top:var(--wp--preset--spacing--c-huge);padding-right:2rem;padding-bottom:var(--wp--preset--spacing--c-norm);padding-left:2rem\">\n<div class=\"wp-block-columns are-vertically-aligned-bottom lg-image-text-simple is-layout-flex wp-container-core-columns-is-layout-1209f74c wp-block-columns-is-layout-flex\">\n<div class=\"wp-block-column is-vertically-aligned-bottom is-left is-layout-flow wp-block-column-is-layout-flow\" style=\"flex-basis:50%\">\n<div class=\"wp-block-group lgl-wide-content-center is-layout-flow wp-block-group-is-layout-flow\">\n<figure class=\"wp-block-image size-full is-resized\"><img alt=\"\" decoding=\"async\" src=\"https:\/\/www.legrandlarge.com\/wp-content\/themes\/horizon-marketing-child\/src\/img\/theme\/G_logo-blanc.png\" alt=\"\" class=\"wp-image-79\" style=\"object-fit:contain;width:60px;height:60px\"\/><\/figure>\n<\/div>\n\n\n\n<figure class=\"wp-block-image size-full\"><img alt=\"\" decoding=\"async\" width=\"1920\" height=\"1281\" src=\"https:\/\/www.legrandlarge.com\/wp-content\/uploads\/2025\/12\/AdobeStock_114126397.webp\" alt=\"\" class=\"wp-image-1058\" style=\"aspect-ratio:1;object-fit:cover\" srcset=\"https:\/\/www.legrandlarge.com\/wp-content\/uploads\/2025\/12\/AdobeStock_114126397.webp 1920w, https:\/\/www.legrandlarge.com\/wp-content\/uploads\/2025\/12\/AdobeStock_114126397-300x200.webp 300w, https:\/\/www.legrandlarge.com\/wp-content\/uploads\/2025\/12\/AdobeStock_114126397-1024x683.webp 1024w, https:\/\/www.legrandlarge.com\/wp-content\/uploads\/2025\/12\/AdobeStock_114126397-768x512.webp 768w, https:\/\/www.legrandlarge.com\/wp-content\/uploads\/2025\/12\/AdobeStock_114126397-1440x960.webp 1440w, https:\/\/www.legrandlarge.com\/wp-content\/uploads\/2025\/12\/AdobeStock_114126397-1080x720.webp 1080w, https:\/\/www.legrandlarge.com\/wp-content\/uploads\/2025\/12\/AdobeStock_114126397-720x480.webp 720w, https:\/\/www.legrandlarge.com\/wp-content\/uploads\/2025\/12\/AdobeStock_114126397-480x320.webp 480w, https:\/\/www.legrandlarge.com\/wp-content\/uploads\/2025\/12\/AdobeStock_114126397-240x160.webp 240w, https:\/\/www.legrandlarge.com\/wp-content\/uploads\/2025\/12\/AdobeStock_114126397-120x80.webp 120w\" sizes=\"(max-width: 1920px) 100vw, 1920px\" \/><\/figure>\n<\/div>\n\n\n\n<div class=\"wp-block-column is-vertically-aligned-bottom is-right is-layout-flow wp-container-core-column-is-layout-6fa465bf wp-block-column-is-layout-flow\" style=\"flex-basis:50%\">\n<p class=\"is-style-hrz-p--title has-secondary-color has-text-color has-link-color wp-elements-9180c533375dc0f3651c8fe8d1f830c3\">Die Bucht und der Mont Saint Michel<\/p>\n\n\n\n<h2 class=\"wp-block-heading is-style-hrz-title--sub\">Campingplatz in der N\u00e4he von Mont-Saint-Michel<\/h2>\n\n\n\n<p class=\"is-style-hrz-p--base\">Die Bucht und der Mont Saint Michel geh\u00f6ren zum <strong>Weltkulturerbe der UNESCO<\/strong>. Es ist auch ein Dorf, eine Abtei und ein Museum. <\/p>\n\n\n\n<p class=\"is-style-hrz-p--base\">Nur 2 Autostunden von unserem <a href=\"https:\/\/www.legrandlarge.com\/\">Campingplatz im \u00c4rmelkanal<\/a> entfernt liegt der <strong>Mont-Saint-Michel<\/strong>, eine normannische Insel, die zu Ehren des Erzengels Saint-Michel erbaut wurde. Er liegt <strong>im Herzen einer riesigen Bucht<\/strong>, die von <strong>den gr\u00f6\u00dften Gezeiten in Europa<\/strong> \u00fcberflutet wird. Der Mont-Saint-Michel<strong>,<\/strong> einst ein spirituelles Land, zieht heute jedes Jahr mehr als drei Millionen Besucher an und ist damit die <strong>meistbesuchte Touristenattraktion der Normandie<\/strong>.  <\/p>\n<\/div>\n<\/div>\n<\/div>\n\n<div class=\"wp-block-group alignfull is-style-bg-w-boat has-global-padding is-layout-constrained wp-container-core-group-is-layout-72208401 wp-block-group-is-layout-constrained\" style=\"padding-top:var(--wp--preset--spacing--c-huge);padding-right:2rem;padding-bottom:var(--wp--preset--spacing--c-norm);padding-left:2rem\">\n<div class=\"wp-block-group is-layout-flow wp-block-group-is-layout-flow\">\n<div class=\"wp-block-group is-vertical is-layout-flex wp-container-core-group-is-layout-602ba0fb wp-block-group-is-layout-flex\">\n<h2 class=\"wp-block-heading is-style-hrz-title--main has-secondary-color has-text-color has-link-color wp-elements-087d815333f3e903d59ea475325c50c5\">M\u00f6chten Sie die Bucht von Mont Saint-Michel entdecken?<\/h2>\n\n\n\n<p class=\"is-style-hrz-p--base\">Der zentrale Punkt von Mont-Saint-Michel ist die Abtei, um die sich das Dorf seit 709 gebildet hat. <strong>Die Abtei von Mont-Saint-Michel<\/strong> ist ein international bekanntes Monument und verf\u00fcgt \u00fcber zahlreiche R\u00e4ume, die frei besichtigt werden k\u00f6nnen. Von der Abtei aus haben Sie einen <strong>atemberaubenden Blick auf die Bucht<\/strong>, die von der Statue von Saint-Michel auf dem Gipfel der Kirche in 170 Metern H\u00f6he dominiert wird. Die Grande Rue du rocher l\u00e4dt Sie zum Schlemmen und Erinnern ein, aber auch zur Geschichte, mit ihren Museen und H\u00e4usern aus dem 15. und 16.   <\/p>\n\n\n\n<p>Der Mont-Saint-Michel, der heute durch eine Fu\u00dfg\u00e4ngerbr\u00fccke mit der Bucht verbunden ist und etwa 100 km von unserem <a href=\"https:\/\/www.legrandlarge.com\/camping-normandie.html\">5-Sterne-Campingplatz in der Normandie<\/a> entfernt liegt, bietet mehrere M\u00f6glichkeiten, den Felsen zu erreichen: zu Fu\u00df auf den drei Fu\u00dfwegen, die <strong>einen einzigartigen Blick auf die Bucht und den Berg<\/strong> bieten, mit dem Pendelbus oder, was eher untypisch ist, mit dem Pferdewagen &#8220;La Maringote&#8221;, der von zwei Pferden gezogen wird. Entdecken Sie den Ort auf die Art der alten Pilger. <\/p>\n\n\n\n<p class=\"is-style-hrz-p--base\"><a href=\"https:\/\/reservation.secureholiday.net\/fr\/171\/\" target=\"_blank\" rel=\"noreferrer noopener\">Buchen Sie online<\/a> Ihren <strong>Aufenthalt in der N\u00e4he des Mont Saint-Michel<\/strong> mit dem <strong>5-Sterne-Campingplatz Manche Le Grand Large<\/strong>.<\/p>\n<\/div>\n<\/div>\n<\/div>\n\n<div class=\"wp-block-group alignfull swiper lgl-slider-full is-layout-flow wp-block-group-is-layout-flow\">\n<div class=\"wp-block-group swiper-wrapper is-content-justification-center is-nowrap is-layout-flex wp-container-core-group-is-layout-bfbbbc10 wp-block-group-is-layout-flex\">\n<div class=\"wp-block-group swiper-slide is-vertical is-content-justification-center is-layout-flex wp-container-core-group-is-layout-8052ff66 wp-block-group-is-layout-flex\" style=\"margin-top:0;margin-bottom:0;padding-top:0;padding-right:0;padding-bottom:0;padding-left:0\">\n<figure class=\"wp-block-image size-full\"><img alt=\"\" decoding=\"async\" width=\"1920\" height=\"1281\" src=\"https:\/\/www.legrandlarge.com\/wp-content\/uploads\/2025\/12\/AdobeStock_381443868.webp\" alt=\"\" class=\"wp-image-1068\" style=\"aspect-ratio:1;object-fit:cover\" srcset=\"https:\/\/www.legrandlarge.com\/wp-content\/uploads\/2025\/12\/AdobeStock_381443868.webp 1920w, https:\/\/www.legrandlarge.com\/wp-content\/uploads\/2025\/12\/AdobeStock_381443868-300x200.webp 300w, https:\/\/www.legrandlarge.com\/wp-content\/uploads\/2025\/12\/AdobeStock_381443868-1024x683.webp 1024w, https:\/\/www.legrandlarge.com\/wp-content\/uploads\/2025\/12\/AdobeStock_381443868-768x512.webp 768w, https:\/\/www.legrandlarge.com\/wp-content\/uploads\/2025\/12\/AdobeStock_381443868-1440x960.webp 1440w, https:\/\/www.legrandlarge.com\/wp-content\/uploads\/2025\/12\/AdobeStock_381443868-1080x720.webp 1080w, https:\/\/www.legrandlarge.com\/wp-content\/uploads\/2025\/12\/AdobeStock_381443868-720x480.webp 720w, https:\/\/www.legrandlarge.com\/wp-content\/uploads\/2025\/12\/AdobeStock_381443868-480x320.webp 480w, https:\/\/www.legrandlarge.com\/wp-content\/uploads\/2025\/12\/AdobeStock_381443868-240x160.webp 240w, https:\/\/www.legrandlarge.com\/wp-content\/uploads\/2025\/12\/AdobeStock_381443868-120x80.webp 120w\" sizes=\"(max-width: 1920px) 100vw, 1920px\" \/><\/figure>\n<\/div>\n\n\n\n<div class=\"wp-block-group swiper-slide is-vertical is-content-justification-center is-layout-flex wp-container-core-group-is-layout-8052ff66 wp-block-group-is-layout-flex\" style=\"margin-top:0;margin-bottom:0;padding-top:0;padding-right:0;padding-bottom:0;padding-left:0\">\n<figure class=\"wp-block-image size-full\"><img alt=\"\" decoding=\"async\" width=\"1920\" height=\"1281\" src=\"https:\/\/www.legrandlarge.com\/wp-content\/uploads\/2025\/12\/AdobeStock_114126397.webp\" alt=\"\" class=\"wp-image-1058\" style=\"aspect-ratio:1;object-fit:cover\" srcset=\"https:\/\/www.legrandlarge.com\/wp-content\/uploads\/2025\/12\/AdobeStock_114126397.webp 1920w, https:\/\/www.legrandlarge.com\/wp-content\/uploads\/2025\/12\/AdobeStock_114126397-300x200.webp 300w, https:\/\/www.legrandlarge.com\/wp-content\/uploads\/2025\/12\/AdobeStock_114126397-1024x683.webp 1024w, https:\/\/www.legrandlarge.com\/wp-content\/uploads\/2025\/12\/AdobeStock_114126397-768x512.webp 768w, https:\/\/www.legrandlarge.com\/wp-content\/uploads\/2025\/12\/AdobeStock_114126397-1440x960.webp 1440w, https:\/\/www.legrandlarge.com\/wp-content\/uploads\/2025\/12\/AdobeStock_114126397-1080x720.webp 1080w, https:\/\/www.legrandlarge.com\/wp-content\/uploads\/2025\/12\/AdobeStock_114126397-720x480.webp 720w, https:\/\/www.legrandlarge.com\/wp-content\/uploads\/2025\/12\/AdobeStock_114126397-480x320.webp 480w, https:\/\/www.legrandlarge.com\/wp-content\/uploads\/2025\/12\/AdobeStock_114126397-240x160.webp 240w, https:\/\/www.legrandlarge.com\/wp-content\/uploads\/2025\/12\/AdobeStock_114126397-120x80.webp 120w\" sizes=\"(max-width: 1920px) 100vw, 1920px\" \/><\/figure>\n<\/div>\n\n\n\n<div class=\"wp-block-group swiper-slide is-vertical is-content-justification-center is-layout-flex wp-container-core-group-is-layout-8052ff66 wp-block-group-is-layout-flex\" style=\"margin-top:0;margin-bottom:0;padding-top:0;padding-right:0;padding-bottom:0;padding-left:0\">\n<figure class=\"wp-block-image size-full\"><img alt=\"\" decoding=\"async\" width=\"1920\" height=\"1080\" src=\"https:\/\/www.legrandlarge.com\/wp-content\/uploads\/2025\/12\/AdobeStock_505203722.webp\" alt=\"\" class=\"wp-image-465\" style=\"aspect-ratio:1;object-fit:cover\" srcset=\"https:\/\/www.legrandlarge.com\/wp-content\/uploads\/2025\/12\/AdobeStock_505203722.webp 1920w, https:\/\/www.legrandlarge.com\/wp-content\/uploads\/2025\/12\/AdobeStock_505203722-300x169.webp 300w, https:\/\/www.legrandlarge.com\/wp-content\/uploads\/2025\/12\/AdobeStock_505203722-1024x576.webp 1024w, https:\/\/www.legrandlarge.com\/wp-content\/uploads\/2025\/12\/AdobeStock_505203722-768x432.webp 768w, https:\/\/www.legrandlarge.com\/wp-content\/uploads\/2025\/12\/AdobeStock_505203722-1440x810.webp 1440w, https:\/\/www.legrandlarge.com\/wp-content\/uploads\/2025\/12\/AdobeStock_505203722-1366x768.webp 1366w, https:\/\/www.legrandlarge.com\/wp-content\/uploads\/2025\/12\/AdobeStock_505203722-800x450.webp 800w, https:\/\/www.legrandlarge.com\/wp-content\/uploads\/2025\/12\/AdobeStock_505203722-640x360.webp 640w, https:\/\/www.legrandlarge.com\/wp-content\/uploads\/2025\/12\/AdobeStock_505203722-375x210.webp 375w, https:\/\/www.legrandlarge.com\/wp-content\/uploads\/2025\/12\/AdobeStock_505203722-200x112.webp 200w, https:\/\/www.legrandlarge.com\/wp-content\/uploads\/2025\/12\/AdobeStock_505203722-100x56.webp 100w\" sizes=\"(max-width: 1920px) 100vw, 1920px\" \/><\/figure>\n<\/div>\n<\/div>\n<\/div>\n","protected":false},"excerpt":{"rendered":"<p>Die Bucht und der Mont Saint Michel geh\u00f6ren zum Weltkulturerbe der UNESCO. Es ist auch ein Dorf, eine Abtei und ein Museum. <\/p>\n","protected":false},"author":1,"featured_media":0,"parent":0,"template":"","format":"standard","tax-category-lieux":[28],"class_list":["post-17955","lieux","type-lieux","status-publish","format-standard","hentry"],"acf":{"latitude":"","longitude":"","distance":144,"pm_lieu_url":"","pm_lieu_phone":"","adresse":"","pm_lieu_title_short":"Der Mont-Saint-Michel"},"_links":{"self":[{"href":"https:\/\/www.legrandlarge.com\/de\/wp-json\/wp\/v2\/lieux\/17955","targetHints":{"allow":["GET"]}}],"collection":[{"href":"https:\/\/www.legrandlarge.com\/de\/wp-json\/wp\/v2\/lieux"}],"about":[{"href":"https:\/\/www.legrandlarge.com\/de\/wp-json\/wp\/v2\/types\/lieux"}],"author":[{"embeddable":true,"href":"https:\/\/www.legrandlarge.com\/de\/wp-json\/wp\/v2\/users\/1"}],"version-history":[{"count":1,"href":"https:\/\/www.legrandlarge.com\/de\/wp-json\/wp\/v2\/lieux\/17955\/revisions"}],"predecessor-version":[{"id":17960,"href":"https:\/\/www.legrandlarge.com\/de\/wp-json\/wp\/v2\/lieux\/17955\/revisions\/17960"}],"wp:attachment":[{"href":"https:\/\/www.legrandlarge.com\/de\/wp-json\/wp\/v2\/media?parent=17955"}],"wp:term":[{"taxonomy":"tax-category-lieux","embeddable":true,"href":"https:\/\/www.legrandlarge.com\/de\/wp-json\/wp\/v2\/tax-category-lieux?post=17955"}],"curies":[{"name":"wp","href":"https:\/\/api.w.org\/{rel}","templated":true}]}}